{"id":24284,"date":"2024-02-22T17:35:46","date_gmt":"2024-02-22T17:35:46","guid":{"rendered":"https:\/\/desarrollo5586.live-website.com\/?page_id=24284"},"modified":"2025-10-01T20:29:14","modified_gmt":"2025-10-01T20:29:14","slug":"behind-the-chamber","status":"publish","type":"page","link":"https:\/\/desarrollo5586.live-website.com\/en\/behind-the-chamber\/","title":{"rendered":"BEHIND THE CHAMBER"},"content":{"rendered":"\t\t<div data-elementor-type=\"wp-page\" data-elementor-id=\"24284\" class=\"elementor elementor-24284\" data-elementor-post-type=\"page\">\n\t\t\t\t\t\t<section class=\"elementor-section elementor-top-section elementor-element elementor-element-c632ec1 elementor-section-full_width elementor-section-height-default elementor-section-height-default\" data-id=\"c632ec1\" data-element_type=\"section\" data-settings=\"{&quot;ekit_has_onepagescroll_dot&quot;:&quot;yes&quot;}\">\n\t\t\t\t\t\t<div class=\"elementor-container elementor-column-gap-no\">\n\t\t\t\t\t<div class=\"elementor-column elementor-col-100 elementor-top-column elementor-element elementor-element-0686738\" data-id=\"0686738\" data-element_type=\"column\">\n\t\t\t<div class=\"elementor-widget-wrap elementor-element-populated\">\n\t\t\t\t\t\t<div class=\"elementor-element elementor-element-16cc01a premium-post-ticker__layout-1 elementor-widget elementor-widget-premium-post-ticker\" data-id=\"16cc01a\" data-element_type=\"widget\" data-settings=\"{&quot;ekit_we_effect_on&quot;:&quot;none&quot;}\" data-widget_type=\"premium-post-ticker.default\">\n\t\t\t\t<div class=\"elementor-widget-container\">\n\t\t\t\t\t\t\t\t<div class=\"premium-post-ticker__outer-wrapper premium-post-ticker__hidden \" data-ticker-settings=\"{&quot;layout&quot;:&quot;layout-1&quot;,&quot;typing&quot;:false,&quot;fade&quot;:false,&quot;arrows&quot;:false,&quot;infinite&quot;:true,&quot;autoPlay&quot;:true,&quot;vertical&quot;:false,&quot;speed&quot;:30001,&quot;slidesToShow&quot;:null,&quot;pauseOnHover&quot;:true,&quot;animation&quot;:&quot;&quot;,&quot;shouldBeRtl&quot;:false,&quot;autoplaySpeed&quot;:null}\">\r\n\t\t\t\t\t\t\t\t\t\r\n\t\t\t\t\t<div class=\"premium-post-ticker__content\">\r\n\t\t\t\t\t\t\t\t<div class=\"premium-post-ticker__title-wrapper\">\r\n\t\t\t\r\n\t\t\t<h6 class=\"premium-post-ticker__title\"> Last articles <\/h6>\r\n\t\t<\/div>\r\n\t\t\r\n\t\t\t\t\t\t<div dir=\"ltr\" class=\"premium-post-ticker__posts-wrapper\">\r\n\t\t\t\t\t\t\t\r\n\t\t<div class=\"premium-post-ticker__post-wrapper animated \">\r\n\r\n\t\t\t\r\n\t\t\t\r\n\t\t\t<div>\r\n\t\t\t\t<h6 class=\"premium-post-ticker__post-title\">\r\n\t\t\t\t\t<a href=\"https:\/\/desarrollo5586.live-website.com\/en\/hiberus-acquires-telefonica-tech-in-chile-mexico-and-colombia\/\" target=\"_blank\">\r\n\t\t\t\t\t\thiberus acquires Telef\u00f3nica Tech in Chile, Mexico and Colombia\t\t\t\t\t<\/a>\r\n\t\t\t\t<\/h6>\r\n\t\t\t<\/div>\r\n\r\n\t\t\t\r\n\t\t\t\t\t\t\t<div class=\"premium-post-ticker__separator\"><\/div>\r\n\t\t\t\r\n\t\t<\/div>\r\n\r\n\t\t\r\n\t\t<div class=\"premium-post-ticker__post-wrapper animated \">\r\n\r\n\t\t\t\r\n\t\t\t\r\n\t\t\t<div>\r\n\t\t\t\t<h6 class=\"premium-post-ticker__post-title\">\r\n\t\t\t\t\t<a href=\"https:\/\/desarrollo5586.live-website.com\/en\/the-queen-sofia-spanish-institute-honors-excellence-in-spanish-translation\/\" target=\"_blank\">\r\n\t\t\t\t\t\tThe Queen Sof\u00eda Spanish Institute Honors Excellence in Spanish Translation\t\t\t\t\t<\/a>\r\n\t\t\t\t<\/h6>\r\n\t\t\t<\/div>\r\n\r\n\t\t\t\r\n\t\t\t\t\t\t\t<div class=\"premium-post-ticker__separator\"><\/div>\r\n\t\t\t\r\n\t\t<\/div>\r\n\r\n\t\t\r\n\t\t<div class=\"premium-post-ticker__post-wrapper animated \">\r\n\r\n\t\t\t\r\n\t\t\t\r\n\t\t\t<div>\r\n\t\t\t\t<h6 class=\"premium-post-ticker__post-title\">\r\n\t\t\t\t\t<a href=\"https:\/\/desarrollo5586.live-website.com\/en\/spain-u-s-chamber-of-commerce-expands-institutional-presence-in-seville-to-boost-bilateral-trade\/\" target=\"_blank\">\r\n\t\t\t\t\t\tSpain-U.S. Chamber of Commerce Expands Institutional Presence in Seville to Boost Bilateral Trade\t\t\t\t\t<\/a>\r\n\t\t\t\t<\/h6>\r\n\t\t\t<\/div>\r\n\r\n\t\t\t\r\n\t\t\t\t\t\t\t<div class=\"premium-post-ticker__separator\"><\/div>\r\n\t\t\t\r\n\t\t<\/div>\r\n\r\n\t\t\t\t\t\t\t\t<\/div>\r\n\r\n\t\t\t\t\t\t\t\t\t\t\t<\/div>\r\n\t\t\t\t\t\t\t<\/div>\r\n\t\t\t\t\t\t<\/div>\n\t\t\t\t<\/div>\n\t\t\t\t\t<\/div>\n\t\t<\/div>\n\t\t\t\t\t<\/div>\n\t\t<\/section>\n\t\t\t\t<section class=\"elementor-section elementor-top-section elementor-element elementor-element-8bfe58a elementor-section-boxed elementor-section-height-default elementor-section-height-default\" data-id=\"8bfe58a\" data-element_type=\"section\" data-settings=\"{&quot;background_background&quot;:&quot;classic&quot;,&quot;ekit_has_onepagescroll_dot&quot;:&quot;yes&quot;}\">\n\t\t\t\t\t\t\t<div class=\"elementor-background-overlay\"><\/div>\n\t\t\t\t\t\t\t<div class=\"elementor-container elementor-column-gap-default\">\n\t\t\t\t\t<div class=\"elementor-column elementor-col-33 elementor-top-column elementor-element elementor-element-1ca1fa9\" data-id=\"1ca1fa9\" data-element_type=\"column\">\n\t\t\t<div class=\"elementor-widget-wrap\">\n\t\t\t\t\t\t\t<\/div>\n\t\t<\/div>\n\t\t\t\t<div class=\"elementor-column elementor-col-33 elementor-top-column elementor-element elementor-element-49d091b\" data-id=\"49d091b\" data-element_type=\"column\">\n\t\t\t<div class=\"elementor-widget-wrap elementor-element-populated\">\n\t\t\t\t\t\t<div class=\"elementor-element elementor-element-9761fb8 elementor-invisible elementor-widget elementor-widget-heading\" data-id=\"9761fb8\" data-element_type=\"widget\" data-settings=\"{&quot;_animation&quot;:&quot;fadeInUp&quot;,&quot;_animation_delay&quot;:200,&quot;ekit_we_effect_on&quot;:&quot;none&quot;}\" data-widget_type=\"heading.default\">\n\t\t\t\t<div class=\"elementor-widget-container\">\n\t\t\t\t\t<h1 class=\"elementor-heading-title elementor-size-default\">BEHIND THE CHAMBER<\/h1>\t\t\t\t<\/div>\n\t\t\t\t<\/div>\n\t\t\t\t<div class=\"elementor-element elementor-element-5b5b690 elementor-widget-divider--view-line_text elementor-widget-divider--element-align-right elementor-invisible elementor-widget elementor-widget-divider\" data-id=\"5b5b690\" data-element_type=\"widget\" data-settings=\"{&quot;_animation&quot;:&quot;fadeInUp&quot;,&quot;ekit_we_effect_on&quot;:&quot;none&quot;}\" data-widget_type=\"divider.default\">\n\t\t\t\t<div class=\"elementor-widget-container\">\n\t\t\t\t\t\t\t<div class=\"elementor-divider\">\n\t\t\t<span class=\"elementor-divider-separator\">\n\t\t\t\t\t\t<\/span>\n\t\t<\/div>\n\t\t\t\t\t\t<\/div>\n\t\t\t\t<\/div>\n\t\t\t\t<div class=\"elementor-element elementor-element-b36d2ef elementor-widget elementor-widget-text-editor\" data-id=\"b36d2ef\" data-element_type=\"widget\" data-settings=\"{&quot;ekit_we_effect_on&quot;:&quot;none&quot;}\" data-widget_type=\"text-editor.default\">\n\t\t\t\t<div class=\"elementor-widget-container\">\n\t\t\t\t\t\t\t\t\t<p>We take you behind the scenes to discover the insider aspects and inspiring stories that drive our corporate chamber. From profiles of outstanding leaders to impactful community initiatives, this section offers an intimate look at the people, events and projects that shape our organization.<\/p>\t\t\t\t\t\t\t\t<\/div>\n\t\t\t\t<\/div>\n\t\t\t\t\t<\/div>\n\t\t<\/div>\n\t\t\t\t<div class=\"elementor-column elementor-col-33 elementor-top-column elementor-element elementor-element-ab1b508\" data-id=\"ab1b508\" data-element_type=\"column\">\n\t\t\t<div class=\"elementor-widget-wrap elementor-element-populated\">\n\t\t\t\t\t\t<div class=\"elementor-element elementor-element-9ace3b0 elementor-view-default elementor-widget elementor-widget-icon\" data-id=\"9ace3b0\" data-element_type=\"widget\" data-settings=\"{&quot;ekit_we_effect_on&quot;:&quot;none&quot;}\" data-widget_type=\"icon.default\">\n\t\t\t\t<div class=\"elementor-widget-container\">\n\t\t\t\t\t\t\t<div class=\"elementor-icon-wrapper\">\n\t\t\t<a class=\"elementor-icon\" href=\"#\">\n\t\t\t<i aria-hidden=\"true\" class=\"icon icon-arrow-down\"><\/i>\t\t\t<\/a>\n\t\t<\/div>\n\t\t\t\t\t\t<\/div>\n\t\t\t\t<\/div>\n\t\t\t\t\t<\/div>\n\t\t<\/div>\n\t\t\t\t\t<\/div>\n\t\t<\/section>\n\t\t\t\t<section class=\"elementor-section elementor-top-section elementor-element elementor-element-6b9f85a elementor-section-full_width elementor-section-height-default elementor-section-height-default\" data-id=\"6b9f85a\" data-element_type=\"section\" data-settings=\"{&quot;background_background&quot;:&quot;classic&quot;,&quot;ekit_has_onepagescroll_dot&quot;:&quot;yes&quot;}\">\n\t\t\t\t\t\t<div class=\"elementor-container elementor-column-gap-no\">\n\t\t\t\t\t<div class=\"elementor-column elementor-col-100 elementor-top-column elementor-element elementor-element-c761dc6\" data-id=\"c761dc6\" data-element_type=\"column\">\n\t\t\t<div class=\"elementor-widget-wrap elementor-element-populated\">\n\t\t\t\t\t\t<div class=\"elementor-element elementor-element-e030689 elementor-widget elementor-widget-ekit-nav-menu\" data-id=\"e030689\" data-element_type=\"widget\" data-settings=\"{&quot;sticky&quot;:&quot;top&quot;,&quot;ekit_we_effect_on&quot;:&quot;none&quot;,&quot;sticky_on&quot;:[&quot;desktop&quot;,&quot;tablet&quot;,&quot;mobile&quot;],&quot;sticky_offset&quot;:0,&quot;sticky_effects_offset&quot;:0,&quot;sticky_anchor_link_offset&quot;:0}\" data-widget_type=\"ekit-nav-menu.default\">\n\t\t\t\t<div class=\"elementor-widget-container\">\n\t\t\t\t\t\t\t<nav class=\"ekit-wid-con ekit_menu_responsive_tablet\" \n\t\t\tdata-hamburger-icon=\"\" \n\t\t\tdata-hamburger-icon-type=\"icon\" \n\t\t\tdata-responsive-breakpoint=\"1024\">\n\t\t\t            <button class=\"elementskit-menu-hamburger elementskit-menu-toggler\"  type=\"button\" aria-label=\"hamburger-icon\">\n                                    <span class=\"elementskit-menu-hamburger-icon\"><\/span><span class=\"elementskit-menu-hamburger-icon\"><\/span><span class=\"elementskit-menu-hamburger-icon\"><\/span>\n                            <\/button>\n            <div id=\"ekit-megamenu-magazine\" class=\"elementskit-menu-container elementskit-menu-offcanvas-elements elementskit-navbar-nav-default ekit-nav-menu-one-page-no ekit-nav-dropdown-hover\"><ul id=\"menu-magazine\" class=\"elementskit-navbar-nav elementskit-menu-po-center submenu-click-on-icon\"><li id=\"menu-item-24444\" class=\"menu-item menu-item-type-custom menu-item-object-custom menu-item-24444 nav-item elementskit-mobile-builder-content\" data-vertical-menu=750px><a href=\"https:\/\/desarrollo5586.live-website.com\/en\/meet-us-the-magazine\/\" class=\"ekit-menu-nav-link\">HOME<\/a><\/li>\n<li id=\"menu-item-23722\" class=\"menu-item menu-item-type-custom menu-item-object-custom menu-item-23722 nav-item elementskit-mobile-builder-content\" data-vertical-menu=750px><a href=\"https:\/\/desarrollo5586.live-website.com\/en\/business-trends\/\" class=\"ekit-menu-nav-link\">BUSINESS TRENDS<\/a><\/li>\n<li id=\"menu-item-22578\" class=\"menu-item menu-item-type-custom menu-item-object-custom menu-item-22578 nav-item elementskit-mobile-builder-content\" data-vertical-menu=\"\"><a href=\"https:\/\/desarrollo5586.live-website.com\/en\/industry-analysis\/\" class=\"ekit-menu-nav-link\">INDUSTRY ANALYSIS<\/a><\/li>\n<li id=\"menu-item-21995\" class=\"menu-item menu-item-type-custom menu-item-object-custom menu-item-21995 nav-item elementskit-mobile-builder-content\" data-vertical-menu=\"\"><a href=\"https:\/\/desarrollo5586.live-website.com\/en\/behind-the-chamber\" class=\"ekit-menu-nav-link\">BEHIND THE CHAMBER<\/a><\/li>\n<li id=\"menu-item-21992\" class=\"menu-item menu-item-type-custom menu-item-object-custom menu-item-21992 nav-item elementskit-dropdown-has top_position elementskit-dropdown-menu-full_width elementskit-megamenu-has elementskit-mobile-builder-content\" data-vertical-menu=\"\"><a href=\"https:\/\/desarrollo5586.live-website.com\/en\/members-news\" class=\"ekit-menu-nav-link\">MEMBERS&#8217; NEWS<i class=\"icon icon-down-arrow1 elementskit-submenu-indicator\"><\/i><\/a><div class=\"elementskit-megamenu-panel\">\t\t<div data-elementor-type=\"wp-post\" data-elementor-id=\"21996\" class=\"elementor elementor-21996\" data-elementor-post-type=\"elementskit_content\">\n\t\t\t\t\t\t<section class=\"elementor-section elementor-top-section elementor-element elementor-element-78a639c4 elementor-section-boxed elementor-section-height-default elementor-section-height-default\" data-id=\"78a639c4\" data-element_type=\"section\" data-settings=\"{&quot;background_background&quot;:&quot;classic&quot;,&quot;ekit_has_onepagescroll_dot&quot;:&quot;yes&quot;}\">\n\t\t\t\t\t\t<div class=\"elementor-container elementor-column-gap-default\">\n\t\t\t\t\t<div class=\"elementor-column elementor-col-20 elementor-top-column elementor-element elementor-element-1829ee86\" data-id=\"1829ee86\" data-element_type=\"column\">\n\t\t\t<div class=\"elementor-widget-wrap\">\n\t\t\t\t\t\t\t<\/div>\n\t\t<\/div>\n\t\t\t\t<div class=\"elementor-column elementor-col-20 elementor-top-column elementor-element elementor-element-584a4c7\" data-id=\"584a4c7\" data-element_type=\"column\">\n\t\t\t<div class=\"elementor-widget-wrap elementor-element-populated\">\n\t\t\t\t<a class=\"eael-wrapper-link-740cb720 --eael-wrapper-link-tag\" href=\"https:\/\/desarrollo5586.live-website.com\/en\/interviews\/\"><\/a>\t\t<div data-eael-wrapper-link=\"eael-wrapper-link-740cb720\" class=\"elementor-element elementor-element-740cb720 ekit-equal-height-disable elementor-widget elementor-widget-elementskit-image-box\" data-id=\"740cb720\" data-element_type=\"widget\" data-settings=\"{&quot;ekit_we_effect_on&quot;:&quot;none&quot;}\" data-widget_type=\"elementskit-image-box.default\">\n\t\t\t\t<div class=\"elementor-widget-container\">\n\t\t\t\t\t<div class=\"ekit-wid-con\" >\n            <div class=\"elementskit-info-image-box ekit-image-box text-left hover_from_left hover-border-bottom\" >\n\n                <a href=\"https:\/\/desarrollo5586.live-website.com\/en\/interviews\/\">\n                <div class=\"elementskit-box-header image-box-img-left\">\n\n                    <img fetchpriority=\"high\" decoding=\"async\" width=\"800\" height=\"450\" src=\"https:\/\/desarrollo5586.live-website.com\/wp-content\/uploads\/2-6.jpg\" class=\"attachment-full size-full wp-image-22608\" alt=\"\" srcset=\"https:\/\/desarrollo5586.live-website.com\/wp-content\/uploads\/2-6.jpg 800w, https:\/\/desarrollo5586.live-website.com\/wp-content\/uploads\/2-6-300x169.jpg 300w, https:\/\/desarrollo5586.live-website.com\/wp-content\/uploads\/2-6-768x432.jpg 768w\" sizes=\"(max-width: 800px) 100vw, 800px\" \/>\n                <\/div>\n                <\/a>\n                <div class=\"elementskit-box-body ekit-image-box-body\">\n                    <div class=\"elementskit-box-content ekit-image-box-body-inner\">\n                                                            <\/div>\n\n                            <\/div>\n            <\/div>\n    <\/div>\t\t\t\t<\/div>\n\t\t\t\t<\/div>\n\t\t\t\t\t<\/div>\n\t\t<\/div>\n\t\t\t\t<div class=\"elementor-column elementor-col-20 elementor-top-column elementor-element elementor-element-f506f77\" data-id=\"f506f77\" data-element_type=\"column\">\n\t\t\t<div class=\"elementor-widget-wrap elementor-element-populated\">\n\t\t\t\t<a class=\"eael-wrapper-link-5d0aeb0 --eael-wrapper-link-tag\" href=\"https:\/\/desarrollo5586.live-website.com\/en\/new-members\/\"><\/a>\t\t<div data-eael-wrapper-link=\"eael-wrapper-link-5d0aeb0\" class=\"elementor-element elementor-element-5d0aeb0 ekit-equal-height-disable elementor-widget elementor-widget-elementskit-image-box\" data-id=\"5d0aeb0\" data-element_type=\"widget\" data-settings=\"{&quot;ekit_we_effect_on&quot;:&quot;none&quot;}\" data-widget_type=\"elementskit-image-box.default\">\n\t\t\t\t<div class=\"elementor-widget-container\">\n\t\t\t\t\t<div class=\"ekit-wid-con\" >\n            <div class=\"elementskit-info-image-box ekit-image-box text-left hover_from_left hover-border-bottom\" >\n\n                <a href=\"https:\/\/desarrollo5586.live-website.com\/en\/new-members\/\">\n                <div class=\"elementskit-box-header image-box-img-left\">\n\n                    <img decoding=\"async\" width=\"800\" height=\"450\" src=\"https:\/\/desarrollo5586.live-website.com\/wp-content\/uploads\/NEW-MEMBERS.jpg\" class=\"attachment-full size-full wp-image-28149\" alt=\"\" srcset=\"https:\/\/desarrollo5586.live-website.com\/wp-content\/uploads\/NEW-MEMBERS.jpg 800w, https:\/\/desarrollo5586.live-website.com\/wp-content\/uploads\/NEW-MEMBERS-300x169.jpg 300w, https:\/\/desarrollo5586.live-website.com\/wp-content\/uploads\/NEW-MEMBERS-768x432.jpg 768w\" sizes=\"(max-width: 800px) 100vw, 800px\" \/>\n                <\/div>\n                <\/a>\n                <div class=\"elementskit-box-body ekit-image-box-body\">\n                    <div class=\"elementskit-box-content ekit-image-box-body-inner\">\n                                                            <\/div>\n\n                            <\/div>\n            <\/div>\n    <\/div>\t\t\t\t<\/div>\n\t\t\t\t<\/div>\n\t\t\t\t\t<\/div>\n\t\t<\/div>\n\t\t\t\t<div class=\"elementor-column elementor-col-20 elementor-top-column elementor-element elementor-element-bbc7573\" data-id=\"bbc7573\" data-element_type=\"column\">\n\t\t\t<div class=\"elementor-widget-wrap elementor-element-populated\">\n\t\t\t\t<a class=\"eael-wrapper-link-5bccb64 --eael-wrapper-link-tag\" href=\"https:\/\/desarrollo5586.live-website.com\/en\/news-releases\/\"><\/a>\t\t<div data-eael-wrapper-link=\"eael-wrapper-link-5bccb64\" class=\"elementor-element elementor-element-5bccb64 ekit-equal-height-disable elementor-widget elementor-widget-elementskit-image-box\" data-id=\"5bccb64\" data-element_type=\"widget\" data-settings=\"{&quot;ekit_we_effect_on&quot;:&quot;none&quot;}\" data-widget_type=\"elementskit-image-box.default\">\n\t\t\t\t<div class=\"elementor-widget-container\">\n\t\t\t\t\t<div class=\"ekit-wid-con\" >\n            <div class=\"elementskit-info-image-box ekit-image-box text-left hover_from_left hover-border-bottom\" >\n\n                <a href=\"https:\/\/desarrollo5586.live-website.com\/en\/news-releases\/\">\n                <div class=\"elementskit-box-header image-box-img-left\">\n\n                    <img decoding=\"async\" width=\"800\" height=\"450\" src=\"https:\/\/desarrollo5586.live-website.com\/wp-content\/uploads\/3-1.jpg\" class=\"attachment-full size-full wp-image-22606\" alt=\"\" srcset=\"https:\/\/desarrollo5586.live-website.com\/wp-content\/uploads\/3-1.jpg 800w, https:\/\/desarrollo5586.live-website.com\/wp-content\/uploads\/3-1-300x169.jpg 300w, https:\/\/desarrollo5586.live-website.com\/wp-content\/uploads\/3-1-768x432.jpg 768w\" sizes=\"(max-width: 800px) 100vw, 800px\" \/>\n                <\/div>\n                <\/a>\n                <div class=\"elementskit-box-body ekit-image-box-body\">\n                    <div class=\"elementskit-box-content ekit-image-box-body-inner\">\n                                                            <\/div>\n\n                            <\/div>\n            <\/div>\n    <\/div>\t\t\t\t<\/div>\n\t\t\t\t<\/div>\n\t\t\t\t\t<\/div>\n\t\t<\/div>\n\t\t\t\t<div class=\"elementor-column elementor-col-20 elementor-top-column elementor-element elementor-element-1fcd79a6\" data-id=\"1fcd79a6\" data-element_type=\"column\">\n\t\t\t<div class=\"elementor-widget-wrap\">\n\t\t\t\t\t\t\t<\/div>\n\t\t<\/div>\n\t\t\t\t\t<\/div>\n\t\t<\/section>\n\t\t\t\t<\/div>\n\t\t<\/div><\/li>\n<li id=\"menu-item-28011\" class=\"menu-item menu-item-type-post_type menu-item-object-page menu-item-28011 nav-item elementskit-mobile-builder-content\" data-vertical-menu=750px><a href=\"https:\/\/desarrollo5586.live-website.com\/en\/colaborations\/\" class=\"ekit-menu-nav-link\">PARTNERS\u00b4NEWS<\/a><\/li>\n<li id=\"menu-item-22602\" class=\"menu-item menu-item-type-custom menu-item-object-custom menu-item-22602 nav-item elementskit-dropdown-has top_position elementskit-dropdown-menu-full_width elementskit-megamenu-has elementskit-mobile-builder-content\" data-vertical-menu=\"\"><a class=\"ekit-menu-nav-link\">EVENTS UPDATES<i class=\"icon icon-down-arrow1 elementskit-submenu-indicator\"><\/i><\/a><div class=\"elementskit-megamenu-panel\">\t\t<div data-elementor-type=\"wp-post\" data-elementor-id=\"22615\" class=\"elementor elementor-22615\" data-elementor-post-type=\"elementskit_content\">\n\t\t\t\t\t\t<section class=\"elementor-section elementor-top-section elementor-element elementor-element-5a48d6d elementor-section-boxed elementor-section-height-default elementor-section-height-default\" data-id=\"5a48d6d\" data-element_type=\"section\" data-settings=\"{&quot;background_background&quot;:&quot;classic&quot;,&quot;ekit_has_onepagescroll_dot&quot;:&quot;yes&quot;}\">\n\t\t\t\t\t\t<div class=\"elementor-container elementor-column-gap-default\">\n\t\t\t\t\t<div class=\"elementor-column elementor-col-20 elementor-top-column elementor-element elementor-element-b56616a\" data-id=\"b56616a\" data-element_type=\"column\">\n\t\t\t<div class=\"elementor-widget-wrap\">\n\t\t\t\t\t\t\t<\/div>\n\t\t<\/div>\n\t\t\t\t<div class=\"elementor-column elementor-col-20 elementor-top-column elementor-element elementor-element-b3bad7a\" data-id=\"b3bad7a\" data-element_type=\"column\">\n\t\t\t<div class=\"elementor-widget-wrap elementor-element-populated\">\n\t\t\t\t\t\t<div class=\"elementor-element elementor-element-20ce9a7 ekit-equal-height-disable elementor-widget elementor-widget-elementskit-image-box\" data-id=\"20ce9a7\" data-element_type=\"widget\" data-settings=\"{&quot;ekit_we_effect_on&quot;:&quot;none&quot;}\" data-widget_type=\"elementskit-image-box.default\">\n\t\t\t\t<div class=\"elementor-widget-container\">\n\t\t\t\t\t<div class=\"ekit-wid-con\" >\n            <div class=\"elementskit-info-image-box ekit-image-box text-left hover_from_left hover-border-bottom\" >\n\n                <a href=\"https:\/\/desarrollo5586.live-website.com\/en\/webinar\/\">\n                <div class=\"elementskit-box-header image-box-img-left\">\n\n                    <img loading=\"lazy\" decoding=\"async\" width=\"800\" height=\"450\" src=\"https:\/\/desarrollo5586.live-website.com\/wp-content\/uploads\/WEBINAR-4.jpg\" class=\"attachment-full size-full wp-image-24370\" alt=\"\" srcset=\"https:\/\/desarrollo5586.live-website.com\/wp-content\/uploads\/WEBINAR-4.jpg 800w, https:\/\/desarrollo5586.live-website.com\/wp-content\/uploads\/WEBINAR-4-300x169.jpg 300w, https:\/\/desarrollo5586.live-website.com\/wp-content\/uploads\/WEBINAR-4-768x432.jpg 768w\" sizes=\"(max-width: 800px) 100vw, 800px\" \/>\n                <\/div>\n                <\/a>\n                <div class=\"elementskit-box-body ekit-image-box-body\">\n                    <div class=\"elementskit-box-content ekit-image-box-body-inner\">\n                                                            <\/div>\n\n                            <\/div>\n            <\/div>\n    <\/div>\t\t\t\t<\/div>\n\t\t\t\t<\/div>\n\t\t\t\t\t<\/div>\n\t\t<\/div>\n\t\t\t\t<div class=\"elementor-column elementor-col-20 elementor-top-column elementor-element elementor-element-6595030\" data-id=\"6595030\" data-element_type=\"column\">\n\t\t\t<div class=\"elementor-widget-wrap elementor-element-populated\">\n\t\t\t\t\t\t<div class=\"elementor-element elementor-element-f570f49 ekit-equal-height-disable elementor-widget elementor-widget-elementskit-image-box\" data-id=\"f570f49\" data-element_type=\"widget\" data-settings=\"{&quot;ekit_we_effect_on&quot;:&quot;none&quot;}\" data-widget_type=\"elementskit-image-box.default\">\n\t\t\t\t<div class=\"elementor-widget-container\">\n\t\t\t\t\t<div class=\"ekit-wid-con\" >\n            <div class=\"elementskit-info-image-box ekit-image-box text-left hover_from_left hover-border-bottom\" >\n\n                <a href=\"https:\/\/desarrollo5586.live-website.com\/en\/event-updates\/\" target=\"_blank\">\n                <div class=\"elementskit-box-header image-box-img-left\">\n\n                    <img loading=\"lazy\" decoding=\"async\" width=\"800\" height=\"450\" src=\"https:\/\/desarrollo5586.live-website.com\/wp-content\/uploads\/eventos.jpg\" class=\"attachment-full size-full wp-image-40836\" alt=\"\" srcset=\"https:\/\/desarrollo5586.live-website.com\/wp-content\/uploads\/eventos.jpg 800w, https:\/\/desarrollo5586.live-website.com\/wp-content\/uploads\/eventos-300x169.jpg 300w, https:\/\/desarrollo5586.live-website.com\/wp-content\/uploads\/eventos-768x432.jpg 768w\" sizes=\"(max-width: 800px) 100vw, 800px\" \/>\n                <\/div>\n                <\/a>\n                <div class=\"elementskit-box-body ekit-image-box-body\">\n                    <div class=\"elementskit-box-content ekit-image-box-body-inner\">\n                                                            <\/div>\n\n                            <\/div>\n            <\/div>\n    <\/div>\t\t\t\t<\/div>\n\t\t\t\t<\/div>\n\t\t\t\t\t<\/div>\n\t\t<\/div>\n\t\t\t\t<div class=\"elementor-column elementor-col-20 elementor-top-column elementor-element elementor-element-d61d312\" data-id=\"d61d312\" data-element_type=\"column\">\n\t\t\t<div class=\"elementor-widget-wrap elementor-element-populated\">\n\t\t\t\t\t\t<div class=\"elementor-element elementor-element-cec88ee ekit-equal-height-disable elementor-widget elementor-widget-elementskit-image-box\" data-id=\"cec88ee\" data-element_type=\"widget\" data-settings=\"{&quot;ekit_we_effect_on&quot;:&quot;none&quot;}\" data-widget_type=\"elementskit-image-box.default\">\n\t\t\t\t<div class=\"elementor-widget-container\">\n\t\t\t\t\t<div class=\"ekit-wid-con\" >\n            <div class=\"elementskit-info-image-box ekit-image-box text-left hover_from_left hover-border-bottom\" >\n\n                <a href=\"https:\/\/desarrollo5586.live-website.com\/en\/annual-gala\/\" target=\"_blank\">\n                <div class=\"elementskit-box-header image-box-img-left\">\n\n                    <img loading=\"lazy\" decoding=\"async\" width=\"800\" height=\"450\" src=\"https:\/\/desarrollo5586.live-website.com\/wp-content\/uploads\/gala-1.jpg\" class=\"attachment-full size-full wp-image-22625\" alt=\"\" srcset=\"https:\/\/desarrollo5586.live-website.com\/wp-content\/uploads\/gala-1.jpg 800w, https:\/\/desarrollo5586.live-website.com\/wp-content\/uploads\/gala-1-300x169.jpg 300w, https:\/\/desarrollo5586.live-website.com\/wp-content\/uploads\/gala-1-768x432.jpg 768w\" sizes=\"(max-width: 800px) 100vw, 800px\" \/>\n                <\/div>\n                <\/a>\n                <div class=\"elementskit-box-body ekit-image-box-body\">\n                    <div class=\"elementskit-box-content ekit-image-box-body-inner\">\n                                                            <\/div>\n\n                            <\/div>\n            <\/div>\n    <\/div>\t\t\t\t<\/div>\n\t\t\t\t<\/div>\n\t\t\t\t\t<\/div>\n\t\t<\/div>\n\t\t\t\t<div class=\"elementor-column elementor-col-20 elementor-top-column elementor-element elementor-element-44c2f12\" data-id=\"44c2f12\" data-element_type=\"column\">\n\t\t\t<div class=\"elementor-widget-wrap\">\n\t\t\t\t\t\t\t<\/div>\n\t\t<\/div>\n\t\t\t\t\t<\/div>\n\t\t<\/section>\n\t\t\t\t<\/div>\n\t\t<\/div><\/li>\n<\/ul><div class=\"elementskit-nav-identity-panel\"><button class=\"elementskit-menu-close elementskit-menu-toggler\" type=\"button\">X<\/button><\/div><\/div>\t\t\t\n\t\t\t<div class=\"elementskit-menu-overlay elementskit-menu-offcanvas-elements elementskit-menu-toggler ekit-nav-menu--overlay\"><\/div>        <\/nav>\n\t\t\t\t\t\t<\/div>\n\t\t\t\t<\/div>\n\t\t\t\t\t<\/div>\n\t\t<\/div>\n\t\t\t\t\t<\/div>\n\t\t<\/section>\n\t\t\t\t<section class=\"elementor-section elementor-top-section elementor-element elementor-element-7a783a2 elementor-section-boxed elementor-section-height-default elementor-section-height-default\" data-id=\"7a783a2\" data-element_type=\"section\" data-settings=\"{&quot;ekit_has_onepagescroll_dot&quot;:&quot;yes&quot;}\">\n\t\t\t\t\t\t<div class=\"elementor-container elementor-column-gap-default\">\n\t\t\t\t\t<div class=\"elementor-column elementor-col-100 elementor-top-column elementor-element elementor-element-1354713\" data-id=\"1354713\" data-element_type=\"column\">\n\t\t\t<div class=\"elementor-widget-wrap elementor-element-populated\">\n\t\t\t\t\t\t<div class=\"elementor-element elementor-element-8e2fa7c premium-smart-listing__3 premium-smart-listing__1 premium-smart-listing__zoomin premium-loading-animation__slide-up elementor-widget elementor-widget-premium-smart-post-listing\" data-id=\"8e2fa7c\" data-element_type=\"widget\" data-settings=\"{&quot;listing_cols&quot;:&quot;3&quot;,&quot;listing_cols_tablet&quot;:&quot;1&quot;,&quot;pa_spl_skin&quot;:&quot;skin-3&quot;,&quot;ekit_we_effect_on&quot;:&quot;none&quot;}\" data-widget_type=\"premium-smart-post-listing.default\">\n\t\t\t\t<div class=\"elementor-widget-container\">\n\t\t\t\t\t\t\t\t<div class=\"premium-smart-listing__wrapper premium-slide-up\" data-page=\"24284\">\r\n\t\t\t\t<div class=\"premium-smart-listing__header-wrapper\">\r\n\t\t\t\t\t\t\t\t\t\t<div class=\"premium-smart-listing__navigation-outer-container\">\r\n\t\t\t\t\t\t\t\t\t\t\t\t\t\t\t\t\t<\/div>\r\n\t\t\t\t<\/div>\r\n\t\t\t\t<div class=\"premium-smart-listing__posts-outer-wrapper premium-smart-listing__skin-3\">\r\n\t\t\t\t\t\t\t\t\t\t\t\t<div class=\"premium-smart-listing__posts-wrapper\">\r\n\t\t\t\t\t\t\t\t\t\t<div class=\"premium-smart-listing__post-wrapper premium-smart-listing__grid-item\" data-total=\"1\">\r\n\t\t\t\t\t\t\t\t\t<div class=\"premium-smart-listing__post-thumbnail-wrapper\">\r\n\t\t\t\t\t\t<div class=\"premium-smart-listing__thumbnail-container\" style=\"background-image:url(https:\/\/desarrollo5586.live-website.com\/wp-content\/uploads\/IMG_1533-scaled.jpg)\" >\r\n\t\t\t\t\t\t\t\t\t\t\t\t<\/div>\r\n\t\t\t\t\t\t<div class=\"premium-smart-listing__thumbnail-overlay\">\r\n\t\t\t\t\t\t\t<a class=\"elementor-icon\" href=\"https:\/\/desarrollo5586.live-website.com\/en\/spain-u-s-chamber-of-commerce-expands-institutional-presence-in-seville-to-boost-bilateral-trade\/\" target=\"_self\" aria-hidden=\"true\"><\/a>\r\n\t\t\t\t\t\t<\/div>\r\n\t\t\t\t\t<\/div>\r\n\t\t\t\t\t\t\t\t\t\t<div class=\"premium-smart-listing__post-content-wrapper\">\r\n\t\t\t\t\t\t\t\t<div class=\"premium-smart-listing__cat-container\">\r\n\t\t\t<ul class=\"post-categories\">\r\n\t\t\t\t<li><a href=\"https:\/\/desarrollo5586.live-website.com\/en\/category\/behind-the-chamber\/\" class=\"premium-smart-listing__category  elementor-repeater-item-dd102f1\">BEHIND THE CHAMBER<\/a><\/li>\t\t\t<\/ul>\r\n\t\t<\/div>\r\n\t\t\t\t\t\t\t\t<div class=\"premium-smart-listing__post-title-wrapper\"> \t\t<h4 class=\"premium-smart-listing__post-title\">\r\n\t\t\t<a href=\"https:\/\/desarrollo5586.live-website.com\/en\/spain-u-s-chamber-of-commerce-expands-institutional-presence-in-seville-to-boost-bilateral-trade\/\" target=\"_self\">\r\n\t\t\t\tSpain-U.S. Chamber of Commerce Expands Institutional Presence in Seville to Boost Bilateral Trade\t\t\t<\/a>\r\n\t\t<\/h4>\r\n\t\t  <\/div>\r\n\t\t\t\t\t\t<div class=\"premium-smart-listing__post-meta-container premium-order-0\"> \t\t\t\r\n\t\t\t\r\n\t\t\t\t\t\t\t<span class=\"premium-smart-listing__meta-separator\">\u2022<\/span>\r\n\t\t\t\t<div class=\"premium-smart-listing__post-tags premium-smart-listing__post-meta\">\r\n\t\t\t\t\t<i class=\"fa fa-align-left fa-fw\" aria-hidden=\"true\"><\/i>\r\n\t\t\t\t\t\t\t\t\t<\/div>\r\n\t\t\t\r\n\t\t\t\t\t <\/div>\r\n\t\t\t\t\t\t\t\t<div class=\"premium-smart-listing__post-content-inner premium-addons-element\">\r\n\t\t<p class=\"premium-smart-listing__post-content\">By: Spain-US Chamber of Commerce, Inc. Author: Giarella Callejas \u3164\u3164 International Business Development The Chamber reinforces its institutional presence in &hellip; <a href=\"https:\/\/desarrollo5586.live-website.com\/en\/spain-u-s-chamber-of-commerce-expands-institutional-presence-in-seville-to-boost-bilateral-trade\/\" class=\"more-link\">Continue reading<\/p><div class=\"premium-smart-listing__excerpt-link-wrap\"><a href=\"https:\/\/desarrollo5586.live-website.com\/en\/spain-u-s-chamber-of-commerce-expands-institutional-presence-in-seville-to-boost-bilateral-trade\/\" target=\"_self\" class=\"premium-smart-listing__excerpt-link elementor-button\">Read More \u00bb<\/a><\/div>\t\t<\/div>\r\n\t\t\t\t\t\t\t<\/div>\r\n\t\t\t<\/div>\r\n\r\n\t\t\t\t\t<div class=\"premium-smart-listing__post-wrapper premium-smart-listing__grid-item\" data-total=\"1\">\r\n\t\t\t\t\t\t\t\t\t<div class=\"premium-smart-listing__post-thumbnail-wrapper\">\r\n\t\t\t\t\t\t<div class=\"premium-smart-listing__thumbnail-container\" style=\"background-image:url(https:\/\/desarrollo5586.live-website.com\/wp-content\/uploads\/WhatsApp-Image-2025-12-03-at-14.27.50.jpeg)\" >\r\n\t\t\t\t\t\t\t\t\t\t\t\t<\/div>\r\n\t\t\t\t\t\t<div class=\"premium-smart-listing__thumbnail-overlay\">\r\n\t\t\t\t\t\t\t<a class=\"elementor-icon\" href=\"https:\/\/desarrollo5586.live-website.com\/en\/the-spain-u-s-chamber-of-commerce-launches-the-knowledge-center-a-new-educational-and-certification-platform-for-the-business-community\/\" target=\"_self\" aria-hidden=\"true\"><\/a>\r\n\t\t\t\t\t\t<\/div>\r\n\t\t\t\t\t<\/div>\r\n\t\t\t\t\t\t\t\t\t\t<div class=\"premium-smart-listing__post-content-wrapper\">\r\n\t\t\t\t\t\t\t\t<div class=\"premium-smart-listing__cat-container\">\r\n\t\t\t<ul class=\"post-categories\">\r\n\t\t\t\t<li><a href=\"https:\/\/desarrollo5586.live-website.com\/en\/category\/behind-the-chamber\/\" class=\"premium-smart-listing__category  elementor-repeater-item-dd102f1\">BEHIND THE CHAMBER<\/a><\/li>\t\t\t<\/ul>\r\n\t\t<\/div>\r\n\t\t\t\t\t\t\t\t<div class=\"premium-smart-listing__post-title-wrapper\"> \t\t<h4 class=\"premium-smart-listing__post-title\">\r\n\t\t\t<a href=\"https:\/\/desarrollo5586.live-website.com\/en\/the-spain-u-s-chamber-of-commerce-launches-the-knowledge-center-a-new-educational-and-certification-platform-for-the-business-community\/\" target=\"_self\">\r\n\t\t\t\tThe Spain\u2013U.S. Chamber of Commerce launches the knowledge center, a new educational and certification platform for the business community\t\t\t<\/a>\r\n\t\t<\/h4>\r\n\t\t  <\/div>\r\n\t\t\t\t\t\t<div class=\"premium-smart-listing__post-meta-container premium-order-0\"> \t\t\t\r\n\t\t\t\r\n\t\t\t\t\t\t\t<span class=\"premium-smart-listing__meta-separator\">\u2022<\/span>\r\n\t\t\t\t<div class=\"premium-smart-listing__post-tags premium-smart-listing__post-meta\">\r\n\t\t\t\t\t<i class=\"fa fa-align-left fa-fw\" aria-hidden=\"true\"><\/i>\r\n\t\t\t\t\t\t\t\t\t<\/div>\r\n\t\t\t\r\n\t\t\t\t\t <\/div>\r\n\t\t\t\t\t\t\t\t<div class=\"premium-smart-listing__post-content-inner premium-addons-element\">\r\n\t\t<p class=\"premium-smart-listing__post-content\">By: Spain-US Chamber of Commerce, Inc. Author: Mario Fernandez Knowledge Center Director Miami, FL | December 2, 2025 &nbsp; The &hellip; <a href=\"https:\/\/desarrollo5586.live-website.com\/en\/the-spain-u-s-chamber-of-commerce-launches-the-knowledge-center-a-new-educational-and-certification-platform-for-the-business-community\/\" class=\"more-link\">Continue reading<\/p><div class=\"premium-smart-listing__excerpt-link-wrap\"><a href=\"https:\/\/desarrollo5586.live-website.com\/en\/the-spain-u-s-chamber-of-commerce-launches-the-knowledge-center-a-new-educational-and-certification-platform-for-the-business-community\/\" target=\"_self\" class=\"premium-smart-listing__excerpt-link elementor-button\">Read More \u00bb<\/a><\/div>\t\t<\/div>\r\n\t\t\t\t\t\t\t<\/div>\r\n\t\t\t<\/div>\r\n\r\n\t\t\t\t\t<div class=\"premium-smart-listing__post-wrapper premium-smart-listing__grid-item\" data-total=\"1\">\r\n\t\t\t\t\t\t\t\t\t<div class=\"premium-smart-listing__post-thumbnail-wrapper\">\r\n\t\t\t\t\t\t<div class=\"premium-smart-listing__thumbnail-container\" style=\"background-image:url(https:\/\/desarrollo5586.live-website.com\/wp-content\/uploads\/54922196983_a6d4c87fa1_k.jpg)\" >\r\n\t\t\t\t\t\t\t\t\t\t\t\t<\/div>\r\n\t\t\t\t\t\t<div class=\"premium-smart-listing__thumbnail-overlay\">\r\n\t\t\t\t\t\t\t<a class=\"elementor-icon\" href=\"https:\/\/desarrollo5586.live-website.com\/en\/infrastructure-summit-2025-brings-together-over-120-industry-professionals-to-discuss-the-future-of-infrastructure-and-construction-in-the-u-s\/\" target=\"_self\" aria-hidden=\"true\"><\/a>\r\n\t\t\t\t\t\t<\/div>\r\n\t\t\t\t\t<\/div>\r\n\t\t\t\t\t\t\t\t\t\t<div class=\"premium-smart-listing__post-content-wrapper\">\r\n\t\t\t\t\t\t\t\t<div class=\"premium-smart-listing__cat-container\">\r\n\t\t\t<ul class=\"post-categories\">\r\n\t\t\t\t<li><a href=\"https:\/\/desarrollo5586.live-website.com\/en\/category\/behind-the-chamber\/\" class=\"premium-smart-listing__category  elementor-repeater-item-dd102f1\">BEHIND THE CHAMBER<\/a><\/li>\t\t\t<\/ul>\r\n\t\t<\/div>\r\n\t\t\t\t\t\t\t\t<div class=\"premium-smart-listing__post-title-wrapper\"> \t\t<h4 class=\"premium-smart-listing__post-title\">\r\n\t\t\t<a href=\"https:\/\/desarrollo5586.live-website.com\/en\/infrastructure-summit-2025-brings-together-over-120-industry-professionals-to-discuss-the-future-of-infrastructure-and-construction-in-the-u-s\/\" target=\"_self\">\r\n\t\t\t\tInfrastructure Summit 2025 brings together over 120 industry professionals to discuss the future of infrastructure and construction in the U.S.\t\t\t<\/a>\r\n\t\t<\/h4>\r\n\t\t  <\/div>\r\n\t\t\t\t\t\t<div class=\"premium-smart-listing__post-meta-container premium-order-0\"> \t\t\t\r\n\t\t\t\r\n\t\t\t\t\t\t\t<span class=\"premium-smart-listing__meta-separator\">\u2022<\/span>\r\n\t\t\t\t<div class=\"premium-smart-listing__post-tags premium-smart-listing__post-meta\">\r\n\t\t\t\t\t<i class=\"fa fa-align-left fa-fw\" aria-hidden=\"true\"><\/i>\r\n\t\t\t\t\t\t\t\t\t<\/div>\r\n\t\t\t\r\n\t\t\t\t\t <\/div>\r\n\t\t\t\t\t\t\t\t<div class=\"premium-smart-listing__post-content-inner premium-addons-element\">\r\n\t\t<p class=\"premium-smart-listing__post-content\">By: SpainUS Chamber of Commerce Miami, FL | November 12, 2025 &nbsp; The Infrastructure Summit 2025, organized by the Spain-U.S. &hellip; <a href=\"https:\/\/desarrollo5586.live-website.com\/en\/infrastructure-summit-2025-brings-together-over-120-industry-professionals-to-discuss-the-future-of-infrastructure-and-construction-in-the-u-s\/\" class=\"more-link\">Continue reading<\/p><div class=\"premium-smart-listing__excerpt-link-wrap\"><a href=\"https:\/\/desarrollo5586.live-website.com\/en\/infrastructure-summit-2025-brings-together-over-120-industry-professionals-to-discuss-the-future-of-infrastructure-and-construction-in-the-u-s\/\" target=\"_self\" class=\"premium-smart-listing__excerpt-link elementor-button\">Read More \u00bb<\/a><\/div>\t\t<\/div>\r\n\t\t\t\t\t\t\t<\/div>\r\n\t\t\t<\/div>\r\n\r\n\t\t\t\t\t<div class=\"premium-smart-listing__post-wrapper premium-smart-listing__grid-item\" data-total=\"1\">\r\n\t\t\t\t\t\t\t\t\t<div class=\"premium-smart-listing__post-thumbnail-wrapper\">\r\n\t\t\t\t\t\t<div class=\"premium-smart-listing__thumbnail-container\" style=\"background-image:url(https:\/\/desarrollo5586.live-website.com\/wp-content\/uploads\/54914795098_792ece11b3_k-e1763412649181.jpg)\" >\r\n\t\t\t\t\t\t\t\t\t\t\t\t<\/div>\r\n\t\t\t\t\t\t<div class=\"premium-smart-listing__thumbnail-overlay\">\r\n\t\t\t\t\t\t\t<a class=\"elementor-icon\" href=\"https:\/\/desarrollo5586.live-website.com\/en\/ponce-de-leon-awards-2025-henkell-freixenet-ivan-tornos\/\" target=\"_self\" aria-hidden=\"true\"><\/a>\r\n\t\t\t\t\t\t<\/div>\r\n\t\t\t\t\t<\/div>\r\n\t\t\t\t\t\t\t\t\t\t<div class=\"premium-smart-listing__post-content-wrapper\">\r\n\t\t\t\t\t\t\t\t<div class=\"premium-smart-listing__cat-container\">\r\n\t\t\t<ul class=\"post-categories\">\r\n\t\t\t\t<li><a href=\"https:\/\/desarrollo5586.live-website.com\/en\/category\/behind-the-chamber\/\" class=\"premium-smart-listing__category  elementor-repeater-item-dd102f1\">BEHIND THE CHAMBER<\/a><\/li>\t\t\t<\/ul>\r\n\t\t<\/div>\r\n\t\t\t\t\t\t\t\t<div class=\"premium-smart-listing__post-title-wrapper\"> \t\t<h4 class=\"premium-smart-listing__post-title\">\r\n\t\t\t<a href=\"https:\/\/desarrollo5586.live-website.com\/en\/ponce-de-leon-awards-2025-henkell-freixenet-ivan-tornos\/\" target=\"_self\">\r\n\t\t\t\tHENKELL FREIXENET AND IV\u00c1N TORNOS TO RECEIVE THE 2025 PONCE DE LE\u00d3N  AWARDS AT THE SPAIN\u2013U.S. CHAMBER OF COMMERCE\u2019S 45TH ANNIVERSARY\t\t\t<\/a>\r\n\t\t<\/h4>\r\n\t\t  <\/div>\r\n\t\t\t\t\t\t<div class=\"premium-smart-listing__post-meta-container premium-order-0\"> \t\t\t\r\n\t\t\t\r\n\t\t\t\t\t\t\t<span class=\"premium-smart-listing__meta-separator\">\u2022<\/span>\r\n\t\t\t\t<div class=\"premium-smart-listing__post-tags premium-smart-listing__post-meta\">\r\n\t\t\t\t\t<i class=\"fa fa-align-left fa-fw\" aria-hidden=\"true\"><\/i>\r\n\t\t\t\t\t\t\t\t\t<\/div>\r\n\t\t\t\r\n\t\t\t\t\t <\/div>\r\n\t\t\t\t\t\t\t\t<div class=\"premium-smart-listing__post-content-inner premium-addons-element\">\r\n\t\t<p class=\"premium-smart-listing__post-content\">By: SpainUS Chamber of Commerce Miami | October 28, 2025 \u00a0 The Spain\u2013U.S. Chamber of Commerce in Florida today announces &hellip; <a href=\"https:\/\/desarrollo5586.live-website.com\/en\/ponce-de-leon-awards-2025-henkell-freixenet-ivan-tornos\/\" class=\"more-link\">Continue reading<\/p><div class=\"premium-smart-listing__excerpt-link-wrap\"><a href=\"https:\/\/desarrollo5586.live-website.com\/en\/ponce-de-leon-awards-2025-henkell-freixenet-ivan-tornos\/\" target=\"_self\" class=\"premium-smart-listing__excerpt-link elementor-button\">Read More \u00bb<\/a><\/div>\t\t<\/div>\r\n\t\t\t\t\t\t\t<\/div>\r\n\t\t\t<\/div>\r\n\r\n\t\t\t\t\t<div class=\"premium-smart-listing__post-wrapper premium-smart-listing__grid-item\" data-total=\"1\">\r\n\t\t\t\t\t\t\t\t\t<div class=\"premium-smart-listing__post-thumbnail-wrapper\">\r\n\t\t\t\t\t\t<div class=\"premium-smart-listing__thumbnail-container\" style=\"background-image:url(https:\/\/desarrollo5586.live-website.com\/wp-content\/uploads\/real-estate-forum-2025-miami-hospitality-panel-1-scaled.jpg)\" >\r\n\t\t\t\t\t\t\t\t\t\t\t\t<\/div>\r\n\t\t\t\t\t\t<div class=\"premium-smart-listing__thumbnail-overlay\">\r\n\t\t\t\t\t\t\t<a class=\"elementor-icon\" href=\"https:\/\/desarrollo5586.live-website.com\/en\/real-estate-forum-2025-miami\/\" target=\"_self\" aria-hidden=\"true\"><\/a>\r\n\t\t\t\t\t\t<\/div>\r\n\t\t\t\t\t<\/div>\r\n\t\t\t\t\t\t\t\t\t\t<div class=\"premium-smart-listing__post-content-wrapper\">\r\n\t\t\t\t\t\t\t\t<div class=\"premium-smart-listing__cat-container\">\r\n\t\t\t<ul class=\"post-categories\">\r\n\t\t\t\t<li><a href=\"https:\/\/desarrollo5586.live-website.com\/en\/category\/investment\/\" class=\"premium-smart-listing__category  elementor-repeater-item-dd102f1\">Investment<\/a><\/li><li><a href=\"https:\/\/desarrollo5586.live-website.com\/en\/category\/behind-the-chamber\/\" class=\"premium-smart-listing__category  elementor-repeater-item-291e106\">BEHIND THE CHAMBER<\/a><\/li>\t\t\t<\/ul>\r\n\t\t<\/div>\r\n\t\t\t\t\t\t\t\t<div class=\"premium-smart-listing__post-title-wrapper\"> \t\t<h4 class=\"premium-smart-listing__post-title\">\r\n\t\t\t<a href=\"https:\/\/desarrollo5586.live-website.com\/en\/real-estate-forum-2025-miami\/\" target=\"_self\">\r\n\t\t\t\tThe Spain-U.S. Chamber of Commerce brings together more than 120 leaders in Miami at the Real Estate Forum 2025, the premier event for the real estate sector in Florida and the U.S.\t\t\t<\/a>\r\n\t\t<\/h4>\r\n\t\t  <\/div>\r\n\t\t\t\t\t\t<div class=\"premium-smart-listing__post-meta-container premium-order-0\"> \t\t\t\r\n\t\t\t\r\n\t\t\t\t\t\t\t<span class=\"premium-smart-listing__meta-separator\">\u2022<\/span>\r\n\t\t\t\t<div class=\"premium-smart-listing__post-tags premium-smart-listing__post-meta\">\r\n\t\t\t\t\t<i class=\"fa fa-align-left fa-fw\" aria-hidden=\"true\"><\/i>\r\n\t\t\t\t\t\t\t\t\t<\/div>\r\n\t\t\t\r\n\t\t\t\t\t <\/div>\r\n\t\t\t\t\t\t\t\t<div class=\"premium-smart-listing__post-content-inner premium-addons-element\">\r\n\t\t<p class=\"premium-smart-listing__post-content\">By: SpainUS Chamber of Commerce Miami, September 17, 2025. The Real Estate Forum 2025, organized by the Spain-U.S. Chamber of &hellip; <a href=\"https:\/\/desarrollo5586.live-website.com\/en\/real-estate-forum-2025-miami\/\" class=\"more-link\">Continue reading<\/p><div class=\"premium-smart-listing__excerpt-link-wrap\"><a href=\"https:\/\/desarrollo5586.live-website.com\/en\/real-estate-forum-2025-miami\/\" target=\"_self\" class=\"premium-smart-listing__excerpt-link elementor-button\">Read More \u00bb<\/a><\/div>\t\t<\/div>\r\n\t\t\t\t\t\t\t<\/div>\r\n\t\t\t<\/div>\r\n\r\n\t\t\t\t\t<div class=\"premium-smart-listing__post-wrapper premium-smart-listing__grid-item\" data-total=\"1\">\r\n\t\t\t\t\t\t\t\t\t<div class=\"premium-smart-listing__post-thumbnail-wrapper\">\r\n\t\t\t\t\t\t<div class=\"premium-smart-listing__thumbnail-container\" style=\"background-image:url(https:\/\/desarrollo5586.live-website.com\/wp-content\/uploads\/FRIENDS-7663-scaled.jpg)\" >\r\n\t\t\t\t\t\t\t\t\t\t\t\t<\/div>\r\n\t\t\t\t\t\t<div class=\"premium-smart-listing__thumbnail-overlay\">\r\n\t\t\t\t\t\t\t<a class=\"elementor-icon\" href=\"https:\/\/desarrollo5586.live-website.com\/en\/friends-of-spanish-brands-usa-2025\/\" target=\"_self\" aria-hidden=\"true\"><\/a>\r\n\t\t\t\t\t\t<\/div>\r\n\t\t\t\t\t<\/div>\r\n\t\t\t\t\t\t\t\t\t\t<div class=\"premium-smart-listing__post-content-wrapper\">\r\n\t\t\t\t\t\t\t\t<div class=\"premium-smart-listing__cat-container\">\r\n\t\t\t<ul class=\"post-categories\">\r\n\t\t\t\t<li><a href=\"https:\/\/desarrollo5586.live-website.com\/en\/category\/behind-the-chamber\/\" class=\"premium-smart-listing__category  elementor-repeater-item-dd102f1\">BEHIND THE CHAMBER<\/a><\/li><li><a href=\"https:\/\/desarrollo5586.live-website.com\/en\/category\/international-expansion\/\" class=\"premium-smart-listing__category  elementor-repeater-item-291e106\">International Expansion<\/a><\/li>\t\t\t<\/ul>\r\n\t\t<\/div>\r\n\t\t\t\t\t\t\t\t<div class=\"premium-smart-listing__post-title-wrapper\"> \t\t<h4 class=\"premium-smart-listing__post-title\">\r\n\t\t\t<a href=\"https:\/\/desarrollo5586.live-website.com\/en\/friends-of-spanish-brands-usa-2025\/\" target=\"_self\">\r\n\t\t\t\tThe Spain-U.S. Chamber of Commerce and the Leading Brands of Spain Forum Honor the \u2018Friends of Brand Spain and of Spanish Brands in the United States\u2019\t\t\t<\/a>\r\n\t\t<\/h4>\r\n\t\t  <\/div>\r\n\t\t\t\t\t\t<div class=\"premium-smart-listing__post-meta-container premium-order-0\"> \t\t\t\r\n\t\t\t\r\n\t\t\t\t\t\t\t<span class=\"premium-smart-listing__meta-separator\">\u2022<\/span>\r\n\t\t\t\t<div class=\"premium-smart-listing__post-tags premium-smart-listing__post-meta\">\r\n\t\t\t\t\t<i class=\"fa fa-align-left fa-fw\" aria-hidden=\"true\"><\/i>\r\n\t\t\t\t\t\t\t\t\t<\/div>\r\n\t\t\t\r\n\t\t\t\t\t <\/div>\r\n\t\t\t\t\t\t\t\t<div class=\"premium-smart-listing__post-content-inner premium-addons-element\">\r\n\t\t<p class=\"premium-smart-listing__post-content\">By: SpainUS Chamber of Commerce These awards highlight individuals who promote Brand Spain abroad, such as Jorge Plasencia,\u00a0 Adrienne\u00a0 Arsht,\u00a0 &hellip; <a href=\"https:\/\/desarrollo5586.live-website.com\/en\/friends-of-spanish-brands-usa-2025\/\" class=\"more-link\">Continue reading<\/p><div class=\"premium-smart-listing__excerpt-link-wrap\"><a href=\"https:\/\/desarrollo5586.live-website.com\/en\/friends-of-spanish-brands-usa-2025\/\" target=\"_self\" class=\"premium-smart-listing__excerpt-link elementor-button\">Read More \u00bb<\/a><\/div>\t\t<\/div>\r\n\t\t\t\t\t\t\t<\/div>\r\n\t\t\t<\/div>\r\n\r\n\t\t\t\t\t<div class=\"premium-smart-listing__post-wrapper premium-smart-listing__grid-item\" data-total=\"1\">\r\n\t\t\t\t\t\t\t\t\t<div class=\"premium-smart-listing__post-thumbnail-wrapper\">\r\n\t\t\t\t\t\t<div class=\"premium-smart-listing__thumbnail-container\" style=\"background-image:url(https:\/\/desarrollo5586.live-website.com\/wp-content\/uploads\/Principal-scaled.jpg)\" >\r\n\t\t\t\t\t\t\t\t\t\t\t\t<\/div>\r\n\t\t\t\t\t\t<div class=\"premium-smart-listing__thumbnail-overlay\">\r\n\t\t\t\t\t\t\t<a class=\"elementor-icon\" href=\"https:\/\/desarrollo5586.live-website.com\/en\/americas-food-beverage-2025-spain-pavilion-record-participation\/\" target=\"_self\" aria-hidden=\"true\"><\/a>\r\n\t\t\t\t\t\t<\/div>\r\n\t\t\t\t\t<\/div>\r\n\t\t\t\t\t\t\t\t\t\t<div class=\"premium-smart-listing__post-content-wrapper\">\r\n\t\t\t\t\t\t\t\t<div class=\"premium-smart-listing__cat-container\">\r\n\t\t\t<ul class=\"post-categories\">\r\n\t\t\t\t<li><a href=\"https:\/\/desarrollo5586.live-website.com\/en\/category\/food-beverage\/\" class=\"premium-smart-listing__category  elementor-repeater-item-dd102f1\">FOOD &amp; BEVERAGE<\/a><\/li><li><a href=\"https:\/\/desarrollo5586.live-website.com\/en\/category\/behind-the-chamber\/\" class=\"premium-smart-listing__category  elementor-repeater-item-291e106\">BEHIND THE CHAMBER<\/a><\/li>\t\t\t<\/ul>\r\n\t\t<\/div>\r\n\t\t\t\t\t\t\t\t<div class=\"premium-smart-listing__post-title-wrapper\"> \t\t<h4 class=\"premium-smart-listing__post-title\">\r\n\t\t\t<a href=\"https:\/\/desarrollo5586.live-website.com\/en\/americas-food-beverage-2025-spain-pavilion-record-participation\/\" target=\"_self\">\r\n\t\t\t\tAmericas Food &#038; Beverage 2025: Record Participation and International Projection\t\t\t<\/a>\r\n\t\t<\/h4>\r\n\t\t  <\/div>\r\n\t\t\t\t\t\t<div class=\"premium-smart-listing__post-meta-container premium-order-0\"> \t\t\t\r\n\t\t\t\r\n\t\t\t\t\t\t\t<span class=\"premium-smart-listing__meta-separator\">\u2022<\/span>\r\n\t\t\t\t<div class=\"premium-smart-listing__post-tags premium-smart-listing__post-meta\">\r\n\t\t\t\t\t<i class=\"fa fa-align-left fa-fw\" aria-hidden=\"true\"><\/i>\r\n\t\t\t\t\t\t\t\t\t<\/div>\r\n\t\t\t\r\n\t\t\t\t\t <\/div>\r\n\t\t\t\t\t\t\t\t<div class=\"premium-smart-listing__post-content-inner premium-addons-element\">\r\n\t\t<p class=\"premium-smart-listing__post-content\">By: Spain-US Chamber of Commerce, Inc. Author: Giarella Callejas \u3164\u3164 Senior Marketing &amp; Events Specialist Article in Spanish Miami, September &hellip; <a href=\"https:\/\/desarrollo5586.live-website.com\/en\/americas-food-beverage-2025-spain-pavilion-record-participation\/\" class=\"more-link\">Continue reading<\/p><div class=\"premium-smart-listing__excerpt-link-wrap\"><a href=\"https:\/\/desarrollo5586.live-website.com\/en\/americas-food-beverage-2025-spain-pavilion-record-participation\/\" target=\"_self\" class=\"premium-smart-listing__excerpt-link elementor-button\">Read More \u00bb<\/a><\/div>\t\t<\/div>\r\n\t\t\t\t\t\t\t<\/div>\r\n\t\t\t<\/div>\r\n\r\n\t\t\t\t\t<div class=\"premium-smart-listing__post-wrapper premium-smart-listing__grid-item\" data-total=\"1\">\r\n\t\t\t\t\t\t\t\t\t<div class=\"premium-smart-listing__post-thumbnail-wrapper\">\r\n\t\t\t\t\t\t<div class=\"premium-smart-listing__thumbnail-container\" style=\"background-image:url(https:\/\/desarrollo5586.live-website.com\/wp-content\/uploads\/Imagen-1-7.png)\" >\r\n\t\t\t\t\t\t\t\t\t\t\t\t<\/div>\r\n\t\t\t\t\t\t<div class=\"premium-smart-listing__thumbnail-overlay\">\r\n\t\t\t\t\t\t\t<a class=\"elementor-icon\" href=\"https:\/\/desarrollo5586.live-website.com\/en\/madrid-and-miami-united-by-education-and-talent-looking-together-toward-the-future\/\" target=\"_self\" aria-hidden=\"true\"><\/a>\r\n\t\t\t\t\t\t<\/div>\r\n\t\t\t\t\t<\/div>\r\n\t\t\t\t\t\t\t\t\t\t<div class=\"premium-smart-listing__post-content-wrapper\">\r\n\t\t\t\t\t\t\t\t<div class=\"premium-smart-listing__cat-container\">\r\n\t\t\t<ul class=\"post-categories\">\r\n\t\t\t\t<li><a href=\"https:\/\/desarrollo5586.live-website.com\/en\/category\/behind-the-chamber\/\" class=\"premium-smart-listing__category  elementor-repeater-item-dd102f1\">BEHIND THE CHAMBER<\/a><\/li><li><a href=\"https:\/\/desarrollo5586.live-website.com\/en\/category\/international-education\/\" class=\"premium-smart-listing__category  elementor-repeater-item-291e106\">International Education<\/a><\/li>\t\t\t<\/ul>\r\n\t\t<\/div>\r\n\t\t\t\t\t\t\t\t<div class=\"premium-smart-listing__post-title-wrapper\"> \t\t<h4 class=\"premium-smart-listing__post-title\">\r\n\t\t\t<a href=\"https:\/\/desarrollo5586.live-website.com\/en\/madrid-and-miami-united-by-education-and-talent-looking-together-toward-the-future\/\" target=\"_self\">\r\n\t\t\t\tMadrid and Miami, united by education and talent, looking together toward the future\t\t\t<\/a>\r\n\t\t<\/h4>\r\n\t\t  <\/div>\r\n\t\t\t\t\t\t<div class=\"premium-smart-listing__post-meta-container premium-order-0\"> \t\t\t\r\n\t\t\t\r\n\t\t\t\t\t\t\t<span class=\"premium-smart-listing__meta-separator\">\u2022<\/span>\r\n\t\t\t\t<div class=\"premium-smart-listing__post-tags premium-smart-listing__post-meta\">\r\n\t\t\t\t\t<i class=\"fa fa-align-left fa-fw\" aria-hidden=\"true\"><\/i>\r\n\t\t\t\t\t\t\t\t\t<\/div>\r\n\t\t\t\r\n\t\t\t\t\t <\/div>\r\n\t\t\t\t\t\t\t\t<div class=\"premium-smart-listing__post-content-inner premium-addons-element\">\r\n\t\t<p class=\"premium-smart-listing__post-content\">By: SpainUS Chamber of Commerce The week of June 22nd\u201326th, 2025, is marking a milestone in the bilateral relations between &hellip; <a href=\"https:\/\/desarrollo5586.live-website.com\/en\/madrid-and-miami-united-by-education-and-talent-looking-together-toward-the-future\/\" class=\"more-link\">Continue reading<\/p><div class=\"premium-smart-listing__excerpt-link-wrap\"><a href=\"https:\/\/desarrollo5586.live-website.com\/en\/madrid-and-miami-united-by-education-and-talent-looking-together-toward-the-future\/\" target=\"_self\" class=\"premium-smart-listing__excerpt-link elementor-button\">Read More \u00bb<\/a><\/div>\t\t<\/div>\r\n\t\t\t\t\t\t\t<\/div>\r\n\t\t\t<\/div>\r\n\r\n\t\t\t\t\t<div class=\"premium-smart-listing__post-wrapper premium-smart-listing__grid-item\" data-total=\"1\">\r\n\t\t\t\t\t\t\t\t\t<div class=\"premium-smart-listing__post-thumbnail-wrapper\">\r\n\t\t\t\t\t\t<div class=\"premium-smart-listing__thumbnail-container\" style=\"background-image:url(https:\/\/desarrollo5586.live-website.com\/wp-content\/uploads\/5Ei40DugYTINiGXOfK-scaled.jpg)\" >\r\n\t\t\t\t\t\t\t\t\t\t\t\t<\/div>\r\n\t\t\t\t\t\t<div class=\"premium-smart-listing__thumbnail-overlay\">\r\n\t\t\t\t\t\t\t<a class=\"elementor-icon\" href=\"https:\/\/desarrollo5586.live-website.com\/en\/spain-u-s-chamber-of-commerce-welcomes-real-madrid-and-spanish-soccer-to-miami\/\" target=\"_self\" aria-hidden=\"true\"><\/a>\r\n\t\t\t\t\t\t<\/div>\r\n\t\t\t\t\t<\/div>\r\n\t\t\t\t\t\t\t\t\t\t<div class=\"premium-smart-listing__post-content-wrapper\">\r\n\t\t\t\t\t\t\t\t<div class=\"premium-smart-listing__cat-container\">\r\n\t\t\t<ul class=\"post-categories\">\r\n\t\t\t\t<li><a href=\"https:\/\/desarrollo5586.live-website.com\/en\/category\/behind-the-chamber\/\" class=\"premium-smart-listing__category  elementor-repeater-item-dd102f1\">BEHIND THE CHAMBER<\/a><\/li><li><a href=\"https:\/\/desarrollo5586.live-website.com\/en\/category\/sports-diplomacy\/\" class=\"premium-smart-listing__category  elementor-repeater-item-291e106\">Sports Diplomacy<\/a><\/li>\t\t\t<\/ul>\r\n\t\t<\/div>\r\n\t\t\t\t\t\t\t\t<div class=\"premium-smart-listing__post-title-wrapper\"> \t\t<h4 class=\"premium-smart-listing__post-title\">\r\n\t\t\t<a href=\"https:\/\/desarrollo5586.live-website.com\/en\/spain-u-s-chamber-of-commerce-welcomes-real-madrid-and-spanish-soccer-to-miami\/\" target=\"_self\">\r\n\t\t\t\tSpain-U.S. Chamber of Commerce Welcomes Real Madrid and Spanish Soccer to Miami\t\t\t<\/a>\r\n\t\t<\/h4>\r\n\t\t  <\/div>\r\n\t\t\t\t\t\t<div class=\"premium-smart-listing__post-meta-container premium-order-0\"> \t\t\t\r\n\t\t\t\r\n\t\t\t\t\t\t\t<span class=\"premium-smart-listing__meta-separator\">\u2022<\/span>\r\n\t\t\t\t<div class=\"premium-smart-listing__post-tags premium-smart-listing__post-meta\">\r\n\t\t\t\t\t<i class=\"fa fa-align-left fa-fw\" aria-hidden=\"true\"><\/i>\r\n\t\t\t\t\t\t\t\t\t<\/div>\r\n\t\t\t\r\n\t\t\t\t\t <\/div>\r\n\t\t\t\t\t\t\t\t<div class=\"premium-smart-listing__post-content-inner premium-addons-element\">\r\n\t\t<p class=\"premium-smart-listing__post-content\">By: SpainUS Chamber of Commerce Miami, June 17, 2025 \u2013 On the occasion of Real Madrid\u2019s arrival in the United &hellip; <a href=\"https:\/\/desarrollo5586.live-website.com\/en\/spain-u-s-chamber-of-commerce-welcomes-real-madrid-and-spanish-soccer-to-miami\/\" class=\"more-link\">Continue reading<\/p><div class=\"premium-smart-listing__excerpt-link-wrap\"><a href=\"https:\/\/desarrollo5586.live-website.com\/en\/spain-u-s-chamber-of-commerce-welcomes-real-madrid-and-spanish-soccer-to-miami\/\" target=\"_self\" class=\"premium-smart-listing__excerpt-link elementor-button\">Read More \u00bb<\/a><\/div>\t\t<\/div>\r\n\t\t\t\t\t\t\t<\/div>\r\n\t\t\t<\/div>\r\n\r\n\t\t\t\t\t<div class=\"premium-smart-listing__post-wrapper premium-smart-listing__grid-item\" data-total=\"1\">\r\n\t\t\t\t\t\t\t\t\t<div class=\"premium-smart-listing__post-thumbnail-wrapper\">\r\n\t\t\t\t\t\t<div class=\"premium-smart-listing__thumbnail-container\" style=\"background-image:url(https:\/\/desarrollo5586.live-website.com\/wp-content\/uploads\/image-1-1.png)\" >\r\n\t\t\t\t\t\t\t\t\t\t\t\t<\/div>\r\n\t\t\t\t\t\t<div class=\"premium-smart-listing__thumbnail-overlay\">\r\n\t\t\t\t\t\t\t<a class=\"elementor-icon\" href=\"https:\/\/desarrollo5586.live-website.com\/en\/invest-in-madrid-drives-space-innovation\/\" target=\"_self\" aria-hidden=\"true\"><\/a>\r\n\t\t\t\t\t\t<\/div>\r\n\t\t\t\t\t<\/div>\r\n\t\t\t\t\t\t\t\t\t\t<div class=\"premium-smart-listing__post-content-wrapper\">\r\n\t\t\t\t\t\t\t\t<div class=\"premium-smart-listing__cat-container\">\r\n\t\t\t<ul class=\"post-categories\">\r\n\t\t\t\t<li><a href=\"https:\/\/desarrollo5586.live-website.com\/en\/category\/finance\/\" class=\"premium-smart-listing__category  elementor-repeater-item-dd102f1\">Finance<\/a><\/li><li><a href=\"https:\/\/desarrollo5586.live-website.com\/en\/category\/behind-the-chamber\/\" class=\"premium-smart-listing__category  elementor-repeater-item-291e106\">BEHIND THE CHAMBER<\/a><\/li>\t\t\t<\/ul>\r\n\t\t<\/div>\r\n\t\t\t\t\t\t\t\t<div class=\"premium-smart-listing__post-title-wrapper\"> \t\t<h4 class=\"premium-smart-listing__post-title\">\r\n\t\t\t<a href=\"https:\/\/desarrollo5586.live-website.com\/en\/invest-in-madrid-drives-space-innovation\/\" target=\"_self\">\r\n\t\t\t\tInvest\u00a0in\u00a0Madrid\u00a0Drives\u00a0Space\u00a0Innovation\t\t\t<\/a>\r\n\t\t<\/h4>\r\n\t\t  <\/div>\r\n\t\t\t\t\t\t<div class=\"premium-smart-listing__post-meta-container premium-order-0\"> \t\t\t\r\n\t\t\t\r\n\t\t\t\t\t\t\t<span class=\"premium-smart-listing__meta-separator\">\u2022<\/span>\r\n\t\t\t\t<div class=\"premium-smart-listing__post-tags premium-smart-listing__post-meta\">\r\n\t\t\t\t\t<i class=\"fa fa-align-left fa-fw\" aria-hidden=\"true\"><\/i>\r\n\t\t\t\t\t\t\t\t\t<\/div>\r\n\t\t\t\r\n\t\t\t\t\t <\/div>\r\n\t\t\t\t\t\t\t\t<div class=\"premium-smart-listing__post-content-inner premium-addons-element\">\r\n\t\t<p class=\"premium-smart-listing__post-content\">By: Invest In Madrid Few people know that the first words transmitted from the Moon were not heard first in &hellip; <a href=\"https:\/\/desarrollo5586.live-website.com\/en\/invest-in-madrid-drives-space-innovation\/\" class=\"more-link\">Continue reading<\/p><div class=\"premium-smart-listing__excerpt-link-wrap\"><a href=\"https:\/\/desarrollo5586.live-website.com\/en\/invest-in-madrid-drives-space-innovation\/\" target=\"_self\" class=\"premium-smart-listing__excerpt-link elementor-button\">Read More \u00bb<\/a><\/div>\t\t<\/div>\r\n\t\t\t\t\t\t\t<\/div>\r\n\t\t\t<\/div>\r\n\r\n\t\t\t\t\t<div class=\"premium-smart-listing__post-wrapper premium-smart-listing__grid-item\" data-total=\"1\">\r\n\t\t\t\t\t\t\t\t\t<div class=\"premium-smart-listing__post-thumbnail-wrapper\">\r\n\t\t\t\t\t\t<div class=\"premium-smart-listing__thumbnail-container\" style=\"background-image:url(https:\/\/desarrollo5586.live-website.com\/wp-content\/uploads\/54584617636_c9fff1598b_o-scaled-e1750706508284.jpg)\" >\r\n\t\t\t\t\t\t\t\t\t\t\t\t<\/div>\r\n\t\t\t\t\t\t<div class=\"premium-smart-listing__thumbnail-overlay\">\r\n\t\t\t\t\t\t\t<a class=\"elementor-icon\" href=\"https:\/\/desarrollo5586.live-website.com\/en\/monica-vazquez-awarded-civil-merit-cross-for-leadership-in-spain-usa-business-relations\/\" target=\"_self\" aria-hidden=\"true\"><\/a>\r\n\t\t\t\t\t\t<\/div>\r\n\t\t\t\t\t<\/div>\r\n\t\t\t\t\t\t\t\t\t\t<div class=\"premium-smart-listing__post-content-wrapper\">\r\n\t\t\t\t\t\t\t\t<div class=\"premium-smart-listing__cat-container\">\r\n\t\t\t<ul class=\"post-categories\">\r\n\t\t\t\t<li><a href=\"https:\/\/desarrollo5586.live-website.com\/en\/category\/behind-the-chamber\/\" class=\"premium-smart-listing__category  elementor-repeater-item-dd102f1\">BEHIND THE CHAMBER<\/a><\/li><li><a href=\"https:\/\/desarrollo5586.live-website.com\/en\/category\/leadership-women-in-business\/\" class=\"premium-smart-listing__category  elementor-repeater-item-291e106\">Leadership &amp; Women in Business<\/a><\/li>\t\t\t<\/ul>\r\n\t\t<\/div>\r\n\t\t\t\t\t\t\t\t<div class=\"premium-smart-listing__post-title-wrapper\"> \t\t<h4 class=\"premium-smart-listing__post-title\">\r\n\t\t\t<a href=\"https:\/\/desarrollo5586.live-website.com\/en\/monica-vazquez-awarded-civil-merit-cross-for-leadership-in-spain-usa-business-relations\/\" target=\"_self\">\r\n\t\t\t\tM\u00f3nica V\u00e1zquez Awarded Civil Merit Cross for Leadership in Spain-USA Business Relations\t\t\t<\/a>\r\n\t\t<\/h4>\r\n\t\t  <\/div>\r\n\t\t\t\t\t\t<div class=\"premium-smart-listing__post-meta-container premium-order-0\"> \t\t\t\r\n\t\t\t\r\n\t\t\t\t\t\t\t<span class=\"premium-smart-listing__meta-separator\">\u2022<\/span>\r\n\t\t\t\t<div class=\"premium-smart-listing__post-tags premium-smart-listing__post-meta\">\r\n\t\t\t\t\t<i class=\"fa fa-align-left fa-fw\" aria-hidden=\"true\"><\/i>\r\n\t\t\t\t\t\t\t\t\t<\/div>\r\n\t\t\t\r\n\t\t\t\t\t <\/div>\r\n\t\t\t\t\t\t\t\t<div class=\"premium-smart-listing__post-content-inner premium-addons-element\">\r\n\t\t<p class=\"premium-smart-listing__post-content\">By: SpainUS Chamber of Commerce Author: Ana Lluch Head of Marketing and Communications June 13, 2025. \u00a0 The Monforte native &hellip; <a href=\"https:\/\/desarrollo5586.live-website.com\/en\/monica-vazquez-awarded-civil-merit-cross-for-leadership-in-spain-usa-business-relations\/\" class=\"more-link\">Continue reading<\/p><div class=\"premium-smart-listing__excerpt-link-wrap\"><a href=\"https:\/\/desarrollo5586.live-website.com\/en\/monica-vazquez-awarded-civil-merit-cross-for-leadership-in-spain-usa-business-relations\/\" target=\"_self\" class=\"premium-smart-listing__excerpt-link elementor-button\">Read More \u00bb<\/a><\/div>\t\t<\/div>\r\n\t\t\t\t\t\t\t<\/div>\r\n\t\t\t<\/div>\r\n\r\n\t\t\t\t\t<div class=\"premium-smart-listing__post-wrapper premium-smart-listing__grid-item\" data-total=\"1\">\r\n\t\t\t\t\t\t\t\t\t<div class=\"premium-smart-listing__post-thumbnail-wrapper\">\r\n\t\t\t\t\t\t<div class=\"premium-smart-listing__thumbnail-container\" style=\"background-image:url(https:\/\/desarrollo5586.live-website.com\/wp-content\/uploads\/Portada-2.png)\" >\r\n\t\t\t\t\t\t\t\t\t\t\t\t<\/div>\r\n\t\t\t\t\t\t<div class=\"premium-smart-listing__thumbnail-overlay\">\r\n\t\t\t\t\t\t\t<a class=\"elementor-icon\" href=\"https:\/\/desarrollo5586.live-website.com\/en\/meet-us-the-magazine-miami-business-networking-events-2025\/\" target=\"_self\" aria-hidden=\"true\"><\/a>\r\n\t\t\t\t\t\t<\/div>\r\n\t\t\t\t\t<\/div>\r\n\t\t\t\t\t\t\t\t\t\t<div class=\"premium-smart-listing__post-content-wrapper\">\r\n\t\t\t\t\t\t\t\t<div class=\"premium-smart-listing__cat-container\">\r\n\t\t\t<ul class=\"post-categories\">\r\n\t\t\t\t<li><a href=\"https:\/\/desarrollo5586.live-website.com\/en\/category\/behind-the-chamber\/\" class=\"premium-smart-listing__category  elementor-repeater-item-dd102f1\">BEHIND THE CHAMBER<\/a><\/li>\t\t\t<\/ul>\r\n\t\t<\/div>\r\n\t\t\t\t\t\t\t\t<div class=\"premium-smart-listing__post-title-wrapper\"> \t\t<h4 class=\"premium-smart-listing__post-title\">\r\n\t\t\t<a href=\"https:\/\/desarrollo5586.live-website.com\/en\/meet-us-the-magazine-miami-business-networking-events-2025\/\" target=\"_self\">\r\n\t\t\t\tMiami Business Networking: Must-Attend Events for Entrepreneurs\t\t\t<\/a>\r\n\t\t<\/h4>\r\n\t\t  <\/div>\r\n\t\t\t\t\t\t<div class=\"premium-smart-listing__post-meta-container premium-order-0\"> \t\t\t\r\n\t\t\t\r\n\t\t\t\t\t\t\t<span class=\"premium-smart-listing__meta-separator\">\u2022<\/span>\r\n\t\t\t\t<div class=\"premium-smart-listing__post-tags premium-smart-listing__post-meta\">\r\n\t\t\t\t\t<i class=\"fa fa-align-left fa-fw\" aria-hidden=\"true\"><\/i>\r\n\t\t\t\t\t\t\t\t\t<\/div>\r\n\t\t\t\r\n\t\t\t\t\t <\/div>\r\n\t\t\t\t\t\t\t\t<div class=\"premium-smart-listing__post-content-inner premium-addons-element\">\r\n\t\t<p class=\"premium-smart-listing__post-content\">By: Spain-US Chamber of Commerce, Inc. Author: Marta Roca Marketing &amp; Communication Miami is the ultimate hub for Miami Business &hellip; <a href=\"https:\/\/desarrollo5586.live-website.com\/en\/meet-us-the-magazine-miami-business-networking-events-2025\/\" class=\"more-link\">Continue reading<\/p><div class=\"premium-smart-listing__excerpt-link-wrap\"><a href=\"https:\/\/desarrollo5586.live-website.com\/en\/meet-us-the-magazine-miami-business-networking-events-2025\/\" target=\"_self\" class=\"premium-smart-listing__excerpt-link elementor-button\">Read More \u00bb<\/a><\/div>\t\t<\/div>\r\n\t\t\t\t\t\t\t<\/div>\r\n\t\t\t<\/div>\r\n\r\n\t\t\t\t\t<div class=\"premium-smart-listing__post-wrapper premium-smart-listing__grid-item\" data-total=\"1\">\r\n\t\t\t\t\t\t\t\t\t<div class=\"premium-smart-listing__post-thumbnail-wrapper\">\r\n\t\t\t\t\t\t<div class=\"premium-smart-listing__thumbnail-container\" style=\"background-image:url(https:\/\/desarrollo5586.live-website.com\/wp-content\/uploads\/54164045591_2c2fd75ba6_k.jpg)\" >\r\n\t\t\t\t\t\t\t\t\t\t\t\t<\/div>\r\n\t\t\t\t\t\t<div class=\"premium-smart-listing__thumbnail-overlay\">\r\n\t\t\t\t\t\t\t<a class=\"elementor-icon\" href=\"https:\/\/desarrollo5586.live-website.com\/en\/behind-the-gala-our-most-anticipated-event-of-the-year\/\" target=\"_self\" aria-hidden=\"true\"><\/a>\r\n\t\t\t\t\t\t<\/div>\r\n\t\t\t\t\t<\/div>\r\n\t\t\t\t\t\t\t\t\t\t<div class=\"premium-smart-listing__post-content-wrapper\">\r\n\t\t\t\t\t\t\t\t<div class=\"premium-smart-listing__cat-container\">\r\n\t\t\t<ul class=\"post-categories\">\r\n\t\t\t\t<li><a href=\"https:\/\/desarrollo5586.live-website.com\/en\/category\/behind-the-chamber\/\" class=\"premium-smart-listing__category  elementor-repeater-item-dd102f1\">BEHIND THE CHAMBER<\/a><\/li>\t\t\t<\/ul>\r\n\t\t<\/div>\r\n\t\t\t\t\t\t\t\t<div class=\"premium-smart-listing__post-title-wrapper\"> \t\t<h4 class=\"premium-smart-listing__post-title\">\r\n\t\t\t<a href=\"https:\/\/desarrollo5586.live-website.com\/en\/behind-the-gala-our-most-anticipated-event-of-the-year\/\" target=\"_self\">\r\n\t\t\t\tBehind The Gala, Our Most Anticipated Event Of The Year\t\t\t<\/a>\r\n\t\t<\/h4>\r\n\t\t  <\/div>\r\n\t\t\t\t\t\t<div class=\"premium-smart-listing__post-meta-container premium-order-0\"> \t\t\t\r\n\t\t\t\r\n\t\t\t\t\t\t\t<span class=\"premium-smart-listing__meta-separator\">\u2022<\/span>\r\n\t\t\t\t<div class=\"premium-smart-listing__post-tags premium-smart-listing__post-meta\">\r\n\t\t\t\t\t<i class=\"fa fa-align-left fa-fw\" aria-hidden=\"true\"><\/i>\r\n\t\t\t\t\t\t\t\t\t<\/div>\r\n\t\t\t\r\n\t\t\t\t\t <\/div>\r\n\t\t\t\t\t\t\t\t<div class=\"premium-smart-listing__post-content-inner premium-addons-element\">\r\n\t\t<p class=\"premium-smart-listing__post-content\">By: Spain-US Chamber of Commerce, Inc. Many of you ask us what it takes to organize the Gala, our most &hellip; <a href=\"https:\/\/desarrollo5586.live-website.com\/en\/behind-the-gala-our-most-anticipated-event-of-the-year\/\" class=\"more-link\">Continue reading<\/p><div class=\"premium-smart-listing__excerpt-link-wrap\"><a href=\"https:\/\/desarrollo5586.live-website.com\/en\/behind-the-gala-our-most-anticipated-event-of-the-year\/\" target=\"_self\" class=\"premium-smart-listing__excerpt-link elementor-button\">Read More \u00bb<\/a><\/div>\t\t<\/div>\r\n\t\t\t\t\t\t\t<\/div>\r\n\t\t\t<\/div>\r\n\r\n\t\t\t\t\t<div class=\"premium-smart-listing__post-wrapper premium-smart-listing__grid-item\" data-total=\"1\">\r\n\t\t\t\t\t\t\t\t\t<div class=\"premium-smart-listing__post-thumbnail-wrapper\">\r\n\t\t\t\t\t\t<div class=\"premium-smart-listing__thumbnail-container\" style=\"background-image:url(https:\/\/desarrollo5586.live-website.com\/wp-content\/uploads\/Design-Template-with-sponsors-e1730735479914.png)\" >\r\n\t\t\t\t\t\t\t\t\t\t\t\t<\/div>\r\n\t\t\t\t\t\t<div class=\"premium-smart-listing__thumbnail-overlay\">\r\n\t\t\t\t\t\t\t<a class=\"elementor-icon\" href=\"https:\/\/desarrollo5586.live-website.com\/en\/iberdrola-avangrid-and-alejandro-pardinas-to-receive-the-ponce-de-leon-awards-from-the-spain-us-chamber-of-commerce-on-its-44th-anniversary\/\" target=\"_self\" aria-hidden=\"true\"><\/a>\r\n\t\t\t\t\t\t<\/div>\r\n\t\t\t\t\t<\/div>\r\n\t\t\t\t\t\t\t\t\t\t<div class=\"premium-smart-listing__post-content-wrapper\">\r\n\t\t\t\t\t\t\t\t<div class=\"premium-smart-listing__cat-container\">\r\n\t\t\t<ul class=\"post-categories\">\r\n\t\t\t\t<li><a href=\"https:\/\/desarrollo5586.live-website.com\/en\/category\/behind-the-chamber\/\" class=\"premium-smart-listing__category  elementor-repeater-item-dd102f1\">BEHIND THE CHAMBER<\/a><\/li>\t\t\t<\/ul>\r\n\t\t<\/div>\r\n\t\t\t\t\t\t\t\t<div class=\"premium-smart-listing__post-title-wrapper\"> \t\t<h4 class=\"premium-smart-listing__post-title\">\r\n\t\t\t<a href=\"https:\/\/desarrollo5586.live-website.com\/en\/iberdrola-avangrid-and-alejandro-pardinas-to-receive-the-ponce-de-leon-awards-from-the-spain-us-chamber-of-commerce-on-its-44th-anniversary\/\" target=\"_self\">\r\n\t\t\t\tIBERDROLA-AVANGRID AND ALEJANDRO PARDI\u00d1AS TO RECEIVE THE PONCE DE LE\u00d3N AWARDS FROM THE SPAIN-US CHAMBER OF COMMERCE ON ITS 44th ANNIVERSARY\t\t\t<\/a>\r\n\t\t<\/h4>\r\n\t\t  <\/div>\r\n\t\t\t\t\t\t<div class=\"premium-smart-listing__post-meta-container premium-order-0\"> \t\t\t\r\n\t\t\t\r\n\t\t\t\t\t\t\t<span class=\"premium-smart-listing__meta-separator\">\u2022<\/span>\r\n\t\t\t\t<div class=\"premium-smart-listing__post-tags premium-smart-listing__post-meta\">\r\n\t\t\t\t\t<i class=\"fa fa-align-left fa-fw\" aria-hidden=\"true\"><\/i>\r\n\t\t\t\t\t\t\t\t\t<\/div>\r\n\t\t\t\r\n\t\t\t\t\t <\/div>\r\n\t\t\t\t\t\t\t\t<div class=\"premium-smart-listing__post-content-inner premium-addons-element\">\r\n\t\t<p class=\"premium-smart-listing__post-content\">This edition honors excellence in energy innovation and executive leadership, to be presented at the Spain-US Chamber of Commerce Annual &hellip; <a href=\"https:\/\/desarrollo5586.live-website.com\/en\/iberdrola-avangrid-and-alejandro-pardinas-to-receive-the-ponce-de-leon-awards-from-the-spain-us-chamber-of-commerce-on-its-44th-anniversary\/\" class=\"more-link\">Continue reading<\/p><div class=\"premium-smart-listing__excerpt-link-wrap\"><a href=\"https:\/\/desarrollo5586.live-website.com\/en\/iberdrola-avangrid-and-alejandro-pardinas-to-receive-the-ponce-de-leon-awards-from-the-spain-us-chamber-of-commerce-on-its-44th-anniversary\/\" target=\"_self\" class=\"premium-smart-listing__excerpt-link elementor-button\">Read More \u00bb<\/a><\/div>\t\t<\/div>\r\n\t\t\t\t\t\t\t<\/div>\r\n\t\t\t<\/div>\r\n\r\n\t\t\t\t\t<div class=\"premium-smart-listing__post-wrapper premium-smart-listing__grid-item\" data-total=\"1\">\r\n\t\t\t\t\t\t\t\t\t<div class=\"premium-smart-listing__post-thumbnail-wrapper\">\r\n\t\t\t\t\t\t<div class=\"premium-smart-listing__thumbnail-container\" style=\"background-image:url(https:\/\/desarrollo5586.live-website.com\/wp-content\/uploads\/54107715968_5cbc30a9c3_c-1.jpg)\" >\r\n\t\t\t\t\t\t\t\t\t\t\t\t<\/div>\r\n\t\t\t\t\t\t<div class=\"premium-smart-listing__thumbnail-overlay\">\r\n\t\t\t\t\t\t\t<a class=\"elementor-icon\" href=\"https:\/\/desarrollo5586.live-website.com\/en\/infrastructure-summit-2024-brings-together-key-players-to-discuss-the-future-of-infrastructure-in-the-us-and-the-caribbean\/\" target=\"_self\" aria-hidden=\"true\"><\/a>\r\n\t\t\t\t\t\t<\/div>\r\n\t\t\t\t\t<\/div>\r\n\t\t\t\t\t\t\t\t\t\t<div class=\"premium-smart-listing__post-content-wrapper\">\r\n\t\t\t\t\t\t\t\t<div class=\"premium-smart-listing__cat-container\">\r\n\t\t\t<ul class=\"post-categories\">\r\n\t\t\t\t<li><a href=\"https:\/\/desarrollo5586.live-website.com\/en\/category\/behind-the-chamber\/\" class=\"premium-smart-listing__category  elementor-repeater-item-dd102f1\">BEHIND THE CHAMBER<\/a><\/li>\t\t\t<\/ul>\r\n\t\t<\/div>\r\n\t\t\t\t\t\t\t\t<div class=\"premium-smart-listing__post-title-wrapper\"> \t\t<h4 class=\"premium-smart-listing__post-title\">\r\n\t\t\t<a href=\"https:\/\/desarrollo5586.live-website.com\/en\/infrastructure-summit-2024-brings-together-key-players-to-discuss-the-future-of-infrastructure-in-the-us-and-the-caribbean\/\" target=\"_self\">\r\n\t\t\t\tInfrastructure Summit 2024 Brings Together Key Players to Discuss the Future of Infrastructure in the US and the Caribbean\t\t\t<\/a>\r\n\t\t<\/h4>\r\n\t\t  <\/div>\r\n\t\t\t\t\t\t<div class=\"premium-smart-listing__post-meta-container premium-order-0\"> \t\t\t\r\n\t\t\t\r\n\t\t\t\t\t\t\t<span class=\"premium-smart-listing__meta-separator\">\u2022<\/span>\r\n\t\t\t\t<div class=\"premium-smart-listing__post-tags premium-smart-listing__post-meta\">\r\n\t\t\t\t\t<i class=\"fa fa-align-left fa-fw\" aria-hidden=\"true\"><\/i>\r\n\t\t\t\t\t\t\t\t\t<\/div>\r\n\t\t\t\r\n\t\t\t\t\t <\/div>\r\n\t\t\t\t\t\t\t\t<div class=\"premium-smart-listing__post-content-inner premium-addons-element\">\r\n\t\t<p class=\"premium-smart-listing__post-content\">By: Spain-US Chamber of Commerce, Inc. Author: Ana Lluch Head of Marketing and Communications The Infrastructure Summit 2024, organized by &hellip; <a href=\"https:\/\/desarrollo5586.live-website.com\/en\/infrastructure-summit-2024-brings-together-key-players-to-discuss-the-future-of-infrastructure-in-the-us-and-the-caribbean\/\" class=\"more-link\">Continue reading<\/p><div class=\"premium-smart-listing__excerpt-link-wrap\"><a href=\"https:\/\/desarrollo5586.live-website.com\/en\/infrastructure-summit-2024-brings-together-key-players-to-discuss-the-future-of-infrastructure-in-the-us-and-the-caribbean\/\" target=\"_self\" class=\"premium-smart-listing__excerpt-link elementor-button\">Read More \u00bb<\/a><\/div>\t\t<\/div>\r\n\t\t\t\t\t\t\t<\/div>\r\n\t\t\t<\/div>\r\n\r\n\t\t\t\t\t<div class=\"premium-smart-listing__post-wrapper premium-smart-listing__grid-item\" data-total=\"1\">\r\n\t\t\t\t\t\t\t\t\t<div class=\"premium-smart-listing__post-thumbnail-wrapper\">\r\n\t\t\t\t\t\t<div class=\"premium-smart-listing__thumbnail-container\" style=\"background-image:url(https:\/\/desarrollo5586.live-website.com\/wp-content\/uploads\/WhatsApp-Image-2024-09-27-at-12.23.10-1.jpeg)\" >\r\n\t\t\t\t\t\t\t\t\t\t\t\t<\/div>\r\n\t\t\t\t\t\t<div class=\"premium-smart-listing__thumbnail-overlay\">\r\n\t\t\t\t\t\t\t<a class=\"elementor-icon\" href=\"https:\/\/desarrollo5586.live-website.com\/en\/the-magic-behind-event-organization\/\" target=\"_self\" aria-hidden=\"true\"><\/a>\r\n\t\t\t\t\t\t<\/div>\r\n\t\t\t\t\t<\/div>\r\n\t\t\t\t\t\t\t\t\t\t<div class=\"premium-smart-listing__post-content-wrapper\">\r\n\t\t\t\t\t\t\t\t<div class=\"premium-smart-listing__cat-container\">\r\n\t\t\t<ul class=\"post-categories\">\r\n\t\t\t\t<li><a href=\"https:\/\/desarrollo5586.live-website.com\/en\/category\/behind-the-chamber\/\" class=\"premium-smart-listing__category  elementor-repeater-item-dd102f1\">BEHIND THE CHAMBER<\/a><\/li>\t\t\t<\/ul>\r\n\t\t<\/div>\r\n\t\t\t\t\t\t\t\t<div class=\"premium-smart-listing__post-title-wrapper\"> \t\t<h4 class=\"premium-smart-listing__post-title\">\r\n\t\t\t<a href=\"https:\/\/desarrollo5586.live-website.com\/en\/the-magic-behind-event-organization\/\" target=\"_self\">\r\n\t\t\t\tThe magic behind event organization\t\t\t<\/a>\r\n\t\t<\/h4>\r\n\t\t  <\/div>\r\n\t\t\t\t\t\t<div class=\"premium-smart-listing__post-meta-container premium-order-0\"> \t\t\t\r\n\t\t\t\r\n\t\t\t\t\t\t\t<span class=\"premium-smart-listing__meta-separator\">\u2022<\/span>\r\n\t\t\t\t<div class=\"premium-smart-listing__post-tags premium-smart-listing__post-meta\">\r\n\t\t\t\t\t<i class=\"fa fa-align-left fa-fw\" aria-hidden=\"true\"><\/i>\r\n\t\t\t\t\t\t\t\t\t<\/div>\r\n\t\t\t\r\n\t\t\t\t\t <\/div>\r\n\t\t\t\t\t\t\t\t<div class=\"premium-smart-listing__post-content-inner premium-addons-element\">\r\n\t\t<p class=\"premium-smart-listing__post-content\">By: Spain-US Chamber of Commerce, Inc. Author: Juan Ruiz Marketing &amp; Communication Organizing an event is like putting together a &hellip; <a href=\"https:\/\/desarrollo5586.live-website.com\/en\/the-magic-behind-event-organization\/\" class=\"more-link\">Continue reading<\/p><div class=\"premium-smart-listing__excerpt-link-wrap\"><a href=\"https:\/\/desarrollo5586.live-website.com\/en\/the-magic-behind-event-organization\/\" target=\"_self\" class=\"premium-smart-listing__excerpt-link elementor-button\">Read More \u00bb<\/a><\/div>\t\t<\/div>\r\n\t\t\t\t\t\t\t<\/div>\r\n\t\t\t<\/div>\r\n\r\n\t\t\t\t\t<div class=\"premium-smart-listing__post-wrapper premium-smart-listing__grid-item\" data-total=\"1\">\r\n\t\t\t\t\t\t\t\t\t<div class=\"premium-smart-listing__post-thumbnail-wrapper\">\r\n\t\t\t\t\t\t<div class=\"premium-smart-listing__thumbnail-container\" style=\"background-image:url(https:\/\/desarrollo5586.live-website.com\/wp-content\/uploads\/53992741704_78af546a46_k.jpg)\" >\r\n\t\t\t\t\t\t\t\t\t\t\t\t<\/div>\r\n\t\t\t\t\t\t<div class=\"premium-smart-listing__thumbnail-overlay\">\r\n\t\t\t\t\t\t\t<a class=\"elementor-icon\" href=\"https:\/\/desarrollo5586.live-website.com\/en\/women-on-2024-a-journey-through-leadership-diversity-and-action\/\" target=\"_self\" aria-hidden=\"true\"><\/a>\r\n\t\t\t\t\t\t<\/div>\r\n\t\t\t\t\t<\/div>\r\n\t\t\t\t\t\t\t\t\t\t<div class=\"premium-smart-listing__post-content-wrapper\">\r\n\t\t\t\t\t\t\t\t<div class=\"premium-smart-listing__cat-container\">\r\n\t\t\t<ul class=\"post-categories\">\r\n\t\t\t\t<li><a href=\"https:\/\/desarrollo5586.live-website.com\/en\/category\/behind-the-chamber\/\" class=\"premium-smart-listing__category  elementor-repeater-item-dd102f1\">BEHIND THE CHAMBER<\/a><\/li>\t\t\t<\/ul>\r\n\t\t<\/div>\r\n\t\t\t\t\t\t\t\t<div class=\"premium-smart-listing__post-title-wrapper\"> \t\t<h4 class=\"premium-smart-listing__post-title\">\r\n\t\t\t<a href=\"https:\/\/desarrollo5586.live-website.com\/en\/women-on-2024-a-journey-through-leadership-diversity-and-action\/\" target=\"_self\">\r\n\t\t\t\tWomen On 2024: A journey through leadership, diversity, and action\t\t\t<\/a>\r\n\t\t<\/h4>\r\n\t\t  <\/div>\r\n\t\t\t\t\t\t<div class=\"premium-smart-listing__post-meta-container premium-order-0\"> \t\t\t\r\n\t\t\t\r\n\t\t\t\t\t\t\t<span class=\"premium-smart-listing__meta-separator\">\u2022<\/span>\r\n\t\t\t\t<div class=\"premium-smart-listing__post-tags premium-smart-listing__post-meta\">\r\n\t\t\t\t\t<i class=\"fa fa-align-left fa-fw\" aria-hidden=\"true\"><\/i>\r\n\t\t\t\t\t\t\t\t\t<\/div>\r\n\t\t\t\r\n\t\t\t\t\t <\/div>\r\n\t\t\t\t\t\t\t\t<div class=\"premium-smart-listing__post-content-inner premium-addons-element\">\r\n\t\t<p class=\"premium-smart-listing__post-content\">By: Spain-US Chamber of Commerce, Inc. Author: Ana Lluch Head of Marketing and Communications On September 12, 2024, at the &hellip; <a href=\"https:\/\/desarrollo5586.live-website.com\/en\/women-on-2024-a-journey-through-leadership-diversity-and-action\/\" class=\"more-link\">Continue reading<\/p><div class=\"premium-smart-listing__excerpt-link-wrap\"><a href=\"https:\/\/desarrollo5586.live-website.com\/en\/women-on-2024-a-journey-through-leadership-diversity-and-action\/\" target=\"_self\" class=\"premium-smart-listing__excerpt-link elementor-button\">Read More \u00bb<\/a><\/div>\t\t<\/div>\r\n\t\t\t\t\t\t\t<\/div>\r\n\t\t\t<\/div>\r\n\r\n\t\t\t\t\t<div class=\"premium-smart-listing__post-wrapper premium-smart-listing__grid-item\" data-total=\"1\">\r\n\t\t\t\t\t\t\t\t\t<div class=\"premium-smart-listing__post-thumbnail-wrapper\">\r\n\t\t\t\t\t\t<div class=\"premium-smart-listing__thumbnail-container\" style=\"background-image:url(https:\/\/desarrollo5586.live-website.com\/wp-content\/uploads\/IMG_0207-scaled.jpg)\" >\r\n\t\t\t\t\t\t\t\t\t\t\t\t<\/div>\r\n\t\t\t\t\t\t<div class=\"premium-smart-listing__thumbnail-overlay\">\r\n\t\t\t\t\t\t\t<a class=\"elementor-icon\" href=\"https:\/\/desarrollo5586.live-website.com\/en\/organic-revolution-why-the-us-dominates-as-the-worlds-largest-organic-market\/\" target=\"_self\" aria-hidden=\"true\"><\/a>\r\n\t\t\t\t\t\t<\/div>\r\n\t\t\t\t\t<\/div>\r\n\t\t\t\t\t\t\t\t\t\t<div class=\"premium-smart-listing__post-content-wrapper\">\r\n\t\t\t\t\t\t\t\t<div class=\"premium-smart-listing__cat-container\">\r\n\t\t\t<ul class=\"post-categories\">\r\n\t\t\t\t<li><a href=\"https:\/\/desarrollo5586.live-website.com\/en\/category\/food-beverage\/\" class=\"premium-smart-listing__category  elementor-repeater-item-dd102f1\">FOOD &amp; BEVERAGE<\/a><\/li><li><a href=\"https:\/\/desarrollo5586.live-website.com\/en\/category\/behind-the-chamber\/\" class=\"premium-smart-listing__category  elementor-repeater-item-291e106\">BEHIND THE CHAMBER<\/a><\/li>\t\t\t<\/ul>\r\n\t\t<\/div>\r\n\t\t\t\t\t\t\t\t<div class=\"premium-smart-listing__post-title-wrapper\"> \t\t<h4 class=\"premium-smart-listing__post-title\">\r\n\t\t\t<a href=\"https:\/\/desarrollo5586.live-website.com\/en\/organic-revolution-why-the-us-dominates-as-the-worlds-largest-organic-market\/\" target=\"_self\">\r\n\t\t\t\tOrganic revolution: Why the US dominates as the world&#8217;s largest organic market\t\t\t<\/a>\r\n\t\t<\/h4>\r\n\t\t  <\/div>\r\n\t\t\t\t\t\t<div class=\"premium-smart-listing__post-meta-container premium-order-0\"> \t\t\t\r\n\t\t\t\r\n\t\t\t\t\t\t\t<span class=\"premium-smart-listing__meta-separator\">\u2022<\/span>\r\n\t\t\t\t<div class=\"premium-smart-listing__post-tags premium-smart-listing__post-meta\">\r\n\t\t\t\t\t<i class=\"fa fa-align-left fa-fw\" aria-hidden=\"true\"><\/i>\r\n\t\t\t\t\t\t\t\t\t<\/div>\r\n\t\t\t\r\n\t\t\t\t\t <\/div>\r\n\t\t\t\t\t\t\t\t<div class=\"premium-smart-listing__post-content-inner premium-addons-element\">\r\n\t\t<p class=\"premium-smart-listing__post-content\">By: Spain-US Chamber of Commerce, Inc. Author: Julio Hoyos International Business Development The market for organic products in the United &hellip; <a href=\"https:\/\/desarrollo5586.live-website.com\/en\/organic-revolution-why-the-us-dominates-as-the-worlds-largest-organic-market\/\" class=\"more-link\">Continue reading<\/p><div class=\"premium-smart-listing__excerpt-link-wrap\"><a href=\"https:\/\/desarrollo5586.live-website.com\/en\/organic-revolution-why-the-us-dominates-as-the-worlds-largest-organic-market\/\" target=\"_self\" class=\"premium-smart-listing__excerpt-link elementor-button\">Read More \u00bb<\/a><\/div>\t\t<\/div>\r\n\t\t\t\t\t\t\t<\/div>\r\n\t\t\t<\/div>\r\n\r\n\t\t\t\t\t<div class=\"premium-smart-listing__post-wrapper premium-smart-listing__grid-item\" data-total=\"1\">\r\n\t\t\t\t\t\t\t\t\t<div class=\"premium-smart-listing__post-thumbnail-wrapper\">\r\n\t\t\t\t\t\t<div class=\"premium-smart-listing__thumbnail-container\" style=\"background-image:url(https:\/\/desarrollo5586.live-website.com\/wp-content\/uploads\/3052.jpg)\" >\r\n\t\t\t\t\t\t\t\t\t\t\t\t<\/div>\r\n\t\t\t\t\t\t<div class=\"premium-smart-listing__thumbnail-overlay\">\r\n\t\t\t\t\t\t\t<a class=\"elementor-icon\" href=\"https:\/\/desarrollo5586.live-website.com\/en\/navigating-local-government-procurement-insights-from-south-florida\/\" target=\"_self\" aria-hidden=\"true\"><\/a>\r\n\t\t\t\t\t\t<\/div>\r\n\t\t\t\t\t<\/div>\r\n\t\t\t\t\t\t\t\t\t\t<div class=\"premium-smart-listing__post-content-wrapper\">\r\n\t\t\t\t\t\t\t\t<div class=\"premium-smart-listing__cat-container\">\r\n\t\t\t<ul class=\"post-categories\">\r\n\t\t\t\t<li><a href=\"https:\/\/desarrollo5586.live-website.com\/en\/category\/behind-the-chamber\/\" class=\"premium-smart-listing__category  elementor-repeater-item-dd102f1\">BEHIND THE CHAMBER<\/a><\/li>\t\t\t<\/ul>\r\n\t\t<\/div>\r\n\t\t\t\t\t\t\t\t<div class=\"premium-smart-listing__post-title-wrapper\"> \t\t<h4 class=\"premium-smart-listing__post-title\">\r\n\t\t\t<a href=\"https:\/\/desarrollo5586.live-website.com\/en\/navigating-local-government-procurement-insights-from-south-florida\/\" target=\"_self\">\r\n\t\t\t\tNavigating local government procurement: Insights from South Florida\t\t\t<\/a>\r\n\t\t<\/h4>\r\n\t\t  <\/div>\r\n\t\t\t\t\t\t<div class=\"premium-smart-listing__post-meta-container premium-order-0\"> \t\t\t\r\n\t\t\t\r\n\t\t\t\t\t\t\t<span class=\"premium-smart-listing__meta-separator\">\u2022<\/span>\r\n\t\t\t\t<div class=\"premium-smart-listing__post-tags premium-smart-listing__post-meta\">\r\n\t\t\t\t\t<i class=\"fa fa-align-left fa-fw\" aria-hidden=\"true\"><\/i>\r\n\t\t\t\t\t\t\t\t\t<\/div>\r\n\t\t\t\r\n\t\t\t\t\t <\/div>\r\n\t\t\t\t\t\t\t\t<div class=\"premium-smart-listing__post-content-inner premium-addons-element\">\r\n\t\t<p class=\"premium-smart-listing__post-content\">By: Spain-US Chamber of Commerce, Inc. Author: Clara Pav\u00f3n Estrad\u00e9 International Business Development Interested in American local procurement opportunities but &hellip; <a href=\"https:\/\/desarrollo5586.live-website.com\/en\/navigating-local-government-procurement-insights-from-south-florida\/\" class=\"more-link\">Continue reading<\/p><div class=\"premium-smart-listing__excerpt-link-wrap\"><a href=\"https:\/\/desarrollo5586.live-website.com\/en\/navigating-local-government-procurement-insights-from-south-florida\/\" target=\"_self\" class=\"premium-smart-listing__excerpt-link elementor-button\">Read More \u00bb<\/a><\/div>\t\t<\/div>\r\n\t\t\t\t\t\t\t<\/div>\r\n\t\t\t<\/div>\r\n\r\n\t\t\t\t\t<div class=\"premium-smart-listing__post-wrapper premium-smart-listing__grid-item\" data-total=\"1\">\r\n\t\t\t\t\t\t\t\t\t<div class=\"premium-smart-listing__post-thumbnail-wrapper\">\r\n\t\t\t\t\t\t<div class=\"premium-smart-listing__thumbnail-container\" style=\"background-image:url(https:\/\/desarrollo5586.live-website.com\/wp-content\/uploads\/2-1.jpeg)\" >\r\n\t\t\t\t\t\t\t\t\t\t\t\t<\/div>\r\n\t\t\t\t\t\t<div class=\"premium-smart-listing__thumbnail-overlay\">\r\n\t\t\t\t\t\t\t<a class=\"elementor-icon\" href=\"https:\/\/desarrollo5586.live-website.com\/en\/what-we-have-learned-from-iker-casillas-and-chema-alonso-about-cybersecurity-and-what-future-generations-should-know\/\" target=\"_self\" aria-hidden=\"true\"><\/a>\r\n\t\t\t\t\t\t<\/div>\r\n\t\t\t\t\t<\/div>\r\n\t\t\t\t\t\t\t\t\t\t<div class=\"premium-smart-listing__post-content-wrapper\">\r\n\t\t\t\t\t\t\t\t<div class=\"premium-smart-listing__cat-container\">\r\n\t\t\t<ul class=\"post-categories\">\r\n\t\t\t\t<li><a href=\"https:\/\/desarrollo5586.live-website.com\/en\/category\/behind-the-chamber\/\" class=\"premium-smart-listing__category  elementor-repeater-item-dd102f1\">BEHIND THE CHAMBER<\/a><\/li>\t\t\t<\/ul>\r\n\t\t<\/div>\r\n\t\t\t\t\t\t\t\t<div class=\"premium-smart-listing__post-title-wrapper\"> \t\t<h4 class=\"premium-smart-listing__post-title\">\r\n\t\t\t<a href=\"https:\/\/desarrollo5586.live-website.com\/en\/what-we-have-learned-from-iker-casillas-and-chema-alonso-about-cybersecurity-and-what-future-generations-should-know\/\" target=\"_self\">\r\n\t\t\t\tWhat we have learned from Iker Casillas and Chema Alonso about cybersecurity and what future generations should know\t\t\t<\/a>\r\n\t\t<\/h4>\r\n\t\t  <\/div>\r\n\t\t\t\t\t\t<div class=\"premium-smart-listing__post-meta-container premium-order-0\"> \t\t\t\r\n\t\t\t\r\n\t\t\t\t\t\t\t<span class=\"premium-smart-listing__meta-separator\">\u2022<\/span>\r\n\t\t\t\t<div class=\"premium-smart-listing__post-tags premium-smart-listing__post-meta\">\r\n\t\t\t\t\t<i class=\"fa fa-align-left fa-fw\" aria-hidden=\"true\"><\/i>\r\n\t\t\t\t\t\t\t\t\t<\/div>\r\n\t\t\t\r\n\t\t\t\t\t <\/div>\r\n\t\t\t\t\t\t\t\t<div class=\"premium-smart-listing__post-content-inner premium-addons-element\">\r\n\t\t<p class=\"premium-smart-listing__post-content\">By: Spain-US Chamber of Commerce, Inc. Author: Clara Pav\u00f3n Estrad\u00e9 International Business Development Each month, the Spain-US Chamber of Commerce &hellip; <a href=\"https:\/\/desarrollo5586.live-website.com\/en\/what-we-have-learned-from-iker-casillas-and-chema-alonso-about-cybersecurity-and-what-future-generations-should-know\/\" class=\"more-link\">Continue reading<\/p><div class=\"premium-smart-listing__excerpt-link-wrap\"><a href=\"https:\/\/desarrollo5586.live-website.com\/en\/what-we-have-learned-from-iker-casillas-and-chema-alonso-about-cybersecurity-and-what-future-generations-should-know\/\" target=\"_self\" class=\"premium-smart-listing__excerpt-link elementor-button\">Read More \u00bb<\/a><\/div>\t\t<\/div>\r\n\t\t\t\t\t\t\t<\/div>\r\n\t\t\t<\/div>\r\n\r\n\t\t\t\t\t<div class=\"premium-smart-listing__post-wrapper premium-smart-listing__grid-item\" data-total=\"1\">\r\n\t\t\t\t\t\t\t\t\t<div class=\"premium-smart-listing__post-thumbnail-wrapper\">\r\n\t\t\t\t\t\t<div class=\"premium-smart-listing__thumbnail-container\" style=\"background-image:url(https:\/\/desarrollo5586.live-website.com\/wp-content\/uploads\/JC.jpeg)\" >\r\n\t\t\t\t\t\t\t\t\t\t\t\t<\/div>\r\n\t\t\t\t\t\t<div class=\"premium-smart-listing__thumbnail-overlay\">\r\n\t\t\t\t\t\t\t<a class=\"elementor-icon\" href=\"https:\/\/desarrollo5586.live-website.com\/en\/my-journey-through-tech-week-in-the-magic-city-more-spanish-presence-and-support-for-startups-than-ever-before\/\" target=\"_self\" aria-hidden=\"true\"><\/a>\r\n\t\t\t\t\t\t<\/div>\r\n\t\t\t\t\t<\/div>\r\n\t\t\t\t\t\t\t\t\t\t<div class=\"premium-smart-listing__post-content-wrapper\">\r\n\t\t\t\t\t\t\t\t<div class=\"premium-smart-listing__cat-container\">\r\n\t\t\t<ul class=\"post-categories\">\r\n\t\t\t\t<li><a href=\"https:\/\/desarrollo5586.live-website.com\/en\/category\/behind-the-chamber\/\" class=\"premium-smart-listing__category  elementor-repeater-item-dd102f1\">BEHIND THE CHAMBER<\/a><\/li>\t\t\t<\/ul>\r\n\t\t<\/div>\r\n\t\t\t\t\t\t\t\t<div class=\"premium-smart-listing__post-title-wrapper\"> \t\t<h4 class=\"premium-smart-listing__post-title\">\r\n\t\t\t<a href=\"https:\/\/desarrollo5586.live-website.com\/en\/my-journey-through-tech-week-in-the-magic-city-more-spanish-presence-and-support-for-startups-than-ever-before\/\" target=\"_self\">\r\n\t\t\t\tMy journey through Tech Week in &#8216;the Magic City&#8217;: more Spanish presence and support for startups than ever before\t\t\t<\/a>\r\n\t\t<\/h4>\r\n\t\t  <\/div>\r\n\t\t\t\t\t\t<div class=\"premium-smart-listing__post-meta-container premium-order-0\"> \t\t\t\r\n\t\t\t\r\n\t\t\t\t\t\t\t<span class=\"premium-smart-listing__meta-separator\">\u2022<\/span>\r\n\t\t\t\t<div class=\"premium-smart-listing__post-tags premium-smart-listing__post-meta\">\r\n\t\t\t\t\t<i class=\"fa fa-align-left fa-fw\" aria-hidden=\"true\"><\/i>\r\n\t\t\t\t\t<a href=\"https:\/\/desarrollo5586.live-website.com\/en\/tag\/behind-the-chamber\/\">BEHIND THE CHAMBER<\/a>\t\t\t\t<\/div>\r\n\t\t\t\r\n\t\t\t\t\t <\/div>\r\n\t\t\t\t\t\t\t\t<div class=\"premium-smart-listing__post-content-inner premium-addons-element\">\r\n\t\t<p class=\"premium-smart-listing__post-content\">By: Spain-US Chamber of Commerce, Inc. Author: Juan Carlos Pereira Executive Director Miami Tech Week transforms the city into a &hellip; <a href=\"https:\/\/desarrollo5586.live-website.com\/en\/my-journey-through-tech-week-in-the-magic-city-more-spanish-presence-and-support-for-startups-than-ever-before\/\" class=\"more-link\">Continue reading<\/p><div class=\"premium-smart-listing__excerpt-link-wrap\"><a href=\"https:\/\/desarrollo5586.live-website.com\/en\/my-journey-through-tech-week-in-the-magic-city-more-spanish-presence-and-support-for-startups-than-ever-before\/\" target=\"_self\" class=\"premium-smart-listing__excerpt-link elementor-button\">Read More \u00bb<\/a><\/div>\t\t<\/div>\r\n\t\t\t\t\t\t\t<\/div>\r\n\t\t\t<\/div>\r\n\r\n\t\t\t\t\t<div class=\"premium-smart-listing__post-wrapper premium-smart-listing__grid-item\" data-total=\"1\">\r\n\t\t\t\t\t\t\t\t\t<div class=\"premium-smart-listing__post-thumbnail-wrapper\">\r\n\t\t\t\t\t\t<div class=\"premium-smart-listing__thumbnail-container\" style=\"background-image:url(https:\/\/desarrollo5586.live-website.com\/wp-content\/uploads\/2148756670.jpg)\" >\r\n\t\t\t\t\t\t\t\t\t\t\t\t<\/div>\r\n\t\t\t\t\t\t<div class=\"premium-smart-listing__thumbnail-overlay\">\r\n\t\t\t\t\t\t\t<a class=\"elementor-icon\" href=\"https:\/\/desarrollo5586.live-website.com\/en\/international-womens-day-by-nuria-soriano\/\" target=\"_self\" aria-hidden=\"true\"><\/a>\r\n\t\t\t\t\t\t<\/div>\r\n\t\t\t\t\t<\/div>\r\n\t\t\t\t\t\t\t\t\t\t<div class=\"premium-smart-listing__post-content-wrapper\">\r\n\t\t\t\t\t\t\t\t<div class=\"premium-smart-listing__cat-container\">\r\n\t\t\t<ul class=\"post-categories\">\r\n\t\t\t\t<li><a href=\"https:\/\/desarrollo5586.live-website.com\/en\/category\/behind-the-chamber\/\" class=\"premium-smart-listing__category  elementor-repeater-item-dd102f1\">BEHIND THE CHAMBER<\/a><\/li>\t\t\t<\/ul>\r\n\t\t<\/div>\r\n\t\t\t\t\t\t\t\t<div class=\"premium-smart-listing__post-title-wrapper\"> \t\t<h4 class=\"premium-smart-listing__post-title\">\r\n\t\t\t<a href=\"https:\/\/desarrollo5586.live-website.com\/en\/international-womens-day-by-nuria-soriano\/\" target=\"_self\">\r\n\t\t\t\tInternational Women&#8217;s Day by Nuria Soriano\t\t\t<\/a>\r\n\t\t<\/h4>\r\n\t\t  <\/div>\r\n\t\t\t\t\t\t<div class=\"premium-smart-listing__post-meta-container premium-order-0\"> \t\t\t\r\n\t\t\t\r\n\t\t\t\t\t\t\t<span class=\"premium-smart-listing__meta-separator\">\u2022<\/span>\r\n\t\t\t\t<div class=\"premium-smart-listing__post-tags premium-smart-listing__post-meta\">\r\n\t\t\t\t\t<i class=\"fa fa-align-left fa-fw\" aria-hidden=\"true\"><\/i>\r\n\t\t\t\t\t\t\t\t\t<\/div>\r\n\t\t\t\r\n\t\t\t\t\t <\/div>\r\n\t\t\t\t\t\t\t\t<div class=\"premium-smart-listing__post-content-inner premium-addons-element\">\r\n\t\t<p class=\"premium-smart-listing__post-content\">Women have always worked, and worked hard. From risking her life in childbirth to the responsibility of feeding, cleaning, clothing, &hellip; <a href=\"https:\/\/desarrollo5586.live-website.com\/en\/international-womens-day-by-nuria-soriano\/\" class=\"more-link\">Continue reading<\/p><div class=\"premium-smart-listing__excerpt-link-wrap\"><a href=\"https:\/\/desarrollo5586.live-website.com\/en\/international-womens-day-by-nuria-soriano\/\" target=\"_self\" class=\"premium-smart-listing__excerpt-link elementor-button\">Read More \u00bb<\/a><\/div>\t\t<\/div>\r\n\t\t\t\t\t\t\t<\/div>\r\n\t\t\t<\/div>\r\n\r\n\t\t\t\t\t<div class=\"premium-smart-listing__post-wrapper premium-smart-listing__grid-item\" data-total=\"1\">\r\n\t\t\t\t\t\t\t\t\t<div class=\"premium-smart-listing__post-thumbnail-wrapper\">\r\n\t\t\t\t\t\t<div class=\"premium-smart-listing__thumbnail-container\" style=\"background-image:url(https:\/\/desarrollo5586.live-website.com\/wp-content\/uploads\/Introducing-MEET-US-The-new-voice-of-the-Spain-US-Chamber.jpg)\" >\r\n\t\t\t\t\t\t\t\t\t\t\t\t<\/div>\r\n\t\t\t\t\t\t<div class=\"premium-smart-listing__thumbnail-overlay\">\r\n\t\t\t\t\t\t\t<a class=\"elementor-icon\" href=\"https:\/\/desarrollo5586.live-website.com\/en\/introducing-meet-us-the-new-voice-of-the-spain-us-chamber\/\" target=\"_self\" aria-hidden=\"true\"><\/a>\r\n\t\t\t\t\t\t<\/div>\r\n\t\t\t\t\t<\/div>\r\n\t\t\t\t\t\t\t\t\t\t<div class=\"premium-smart-listing__post-content-wrapper\">\r\n\t\t\t\t\t\t\t\t<div class=\"premium-smart-listing__cat-container\">\r\n\t\t\t<ul class=\"post-categories\">\r\n\t\t\t\t<li><a href=\"https:\/\/desarrollo5586.live-website.com\/en\/category\/behind-the-chamber\/\" class=\"premium-smart-listing__category  elementor-repeater-item-dd102f1\">BEHIND THE CHAMBER<\/a><\/li>\t\t\t<\/ul>\r\n\t\t<\/div>\r\n\t\t\t\t\t\t\t\t<div class=\"premium-smart-listing__post-title-wrapper\"> \t\t<h4 class=\"premium-smart-listing__post-title\">\r\n\t\t\t<a href=\"https:\/\/desarrollo5586.live-website.com\/en\/introducing-meet-us-the-new-voice-of-the-spain-us-chamber\/\" target=\"_self\">\r\n\t\t\t\tIntroducing MEET-US: The new voice of the Spain-US Chamber\t\t\t<\/a>\r\n\t\t<\/h4>\r\n\t\t  <\/div>\r\n\t\t\t\t\t\t<div class=\"premium-smart-listing__post-meta-container premium-order-0\"> \t\t\t\r\n\t\t\t\r\n\t\t\t\t\t\t\t<span class=\"premium-smart-listing__meta-separator\">\u2022<\/span>\r\n\t\t\t\t<div class=\"premium-smart-listing__post-tags premium-smart-listing__post-meta\">\r\n\t\t\t\t\t<i class=\"fa fa-align-left fa-fw\" aria-hidden=\"true\"><\/i>\r\n\t\t\t\t\t\t\t\t\t<\/div>\r\n\t\t\t\r\n\t\t\t\t\t <\/div>\r\n\t\t\t\t\t\t\t\t<div class=\"premium-smart-listing__post-content-inner premium-addons-element\">\r\n\t\t<p class=\"premium-smart-listing__post-content\">By: Spain-US Chamber of Commerce, Inc. As the President of the Spain-US Chamber of Commerce in Florida, it is my &hellip; <a href=\"https:\/\/desarrollo5586.live-website.com\/en\/introducing-meet-us-the-new-voice-of-the-spain-us-chamber\/\" class=\"more-link\">Continue reading<\/p><div class=\"premium-smart-listing__excerpt-link-wrap\"><a href=\"https:\/\/desarrollo5586.live-website.com\/en\/introducing-meet-us-the-new-voice-of-the-spain-us-chamber\/\" target=\"_self\" class=\"premium-smart-listing__excerpt-link elementor-button\">Read More \u00bb<\/a><\/div>\t\t<\/div>\r\n\t\t\t\t\t\t\t<\/div>\r\n\t\t\t<\/div>\r\n\r\n\t\t\r\n\t\t\t\t\t\t\t\t\t<\/div>\r\n\t\t\t\t\r\n\t\t\t\t\t\t\t\t<\/div>\r\n\t\t\t\t\r\n\t\t\t\t\t\t\t<\/div>\r\n\t\t\t\t\t\t<\/div>\n\t\t\t\t<\/div>\n\t\t\t\t\t<\/div>\n\t\t<\/div>\n\t\t\t\t\t<\/div>\n\t\t<\/section>\n\t\t\t\t<\/div>\n\t\t","protected":false},"excerpt":{"rendered":"<p>Last articles Espa\u00f1a, \u00abCountry of Honor\u00bb en Americas Food &#038; Beverage 2025: Participaci\u00f3n r\u00e9cord y proyecci\u00f3n internacional NUEVOS ARANCELES EN &hellip; <a href=\"https:\/\/desarrollo5586.live-website.com\/en\/introducing-meet-us-the-new-voice-of-the-spain-us-chamber\/\" class=\"more-link\">Continue reading <span class=\"screen-reader-text\">Introducing MEET-US: The new voice of the Spain-US Chamber<\/span><\/a><\/p>\n","protected":false},"author":8,"featured_media":0,"parent":0,"menu_order":0,"comment_status":"closed","ping_status":"closed","template":"elementor_header_footer","meta":{"_acf_changed":false,"footnotes":""},"class_list":["post-24284","page","type-page","status-publish","hentry"],"acf":[],"yoast_head":"<!-- This site is optimized with the Yoast SEO Premium plugin v21.6 (Yoast SEO v26.9) - https:\/\/yoast.com\/product\/yoast-seo-premium-wordpress\/ -->\n<title>BEHIND THE CHAMBER - Spain-US Chamber of Commerce in Miami<\/title>\n<meta name=\"robots\" content=\"index, follow, max-snippet:-1, max-image-preview:large, max-video-preview:-1\" \/>\n<link rel=\"canonical\" href=\"https:\/\/desarrollo5586.live-website.com\/en\/behind-the-chamber\/\" \/>\n<meta property=\"og:locale\" content=\"en_US\" \/>\n<meta property=\"og:type\" content=\"article\" \/>\n<meta property=\"og:title\" content=\"BEHIND THE CHAMBER\" \/>\n<meta property=\"og:description\" content=\"Last articles Espa\u00f1a, \u00abCountry of Honor\u00bb en Americas Food &#038; Beverage 2025: Participaci\u00f3n r\u00e9cord y proyecci\u00f3n internacional NUEVOS ARANCELES EN &hellip; Continue reading Introducing MEET-US: The new voice of the Spain-US Chamber\" \/>\n<meta property=\"og:url\" content=\"https:\/\/desarrollo5586.live-website.com\/en\/behind-the-chamber\/\" \/>\n<meta property=\"og:site_name\" content=\"Spain-US Chamber of Commerce in Miami\" \/>\n<meta property=\"article:publisher\" content=\"https:\/\/www.facebook.com\/spainuschamberofcommerce\" \/>\n<meta property=\"article:modified_time\" content=\"2025-10-01T20:29:14+00:00\" \/>\n<meta property=\"og:image\" content=\"https:\/\/desarrollo5586.live-website.com\/wp-content\/uploads\/2-6.jpg\" \/>\n<meta name=\"twitter:card\" content=\"summary_large_image\" \/>\n<meta name=\"twitter:site\" content=\"@spainus_chamber\" \/>\n<meta name=\"twitter:label1\" content=\"Est. reading time\" \/>\n\t<meta name=\"twitter:data1\" content=\"8 minutes\" \/>\n<script type=\"application\/ld+json\" class=\"yoast-schema-graph\">{\"@context\":\"https:\/\/schema.org\",\"@graph\":[{\"@type\":\"WebPage\",\"@id\":\"https:\/\/desarrollo5586.live-website.com\/en\/behind-the-chamber\/\",\"url\":\"https:\/\/desarrollo5586.live-website.com\/en\/behind-the-chamber\/\",\"name\":\"BEHIND THE CHAMBER - Spain-US Chamber of Commerce in Miami\",\"isPartOf\":{\"@id\":\"https:\/\/desarrollo5586.live-website.com\/#website\"},\"primaryImageOfPage\":{\"@id\":\"https:\/\/desarrollo5586.live-website.com\/en\/behind-the-chamber\/#primaryimage\"},\"image\":{\"@id\":\"https:\/\/desarrollo5586.live-website.com\/en\/behind-the-chamber\/#primaryimage\"},\"thumbnailUrl\":\"https:\/\/desarrollo5586.live-website.com\/wp-content\/uploads\/2-6.jpg\",\"datePublished\":\"2024-02-22T17:35:46+00:00\",\"dateModified\":\"2025-10-01T20:29:14+00:00\",\"breadcrumb\":{\"@id\":\"https:\/\/desarrollo5586.live-website.com\/en\/behind-the-chamber\/#breadcrumb\"},\"inLanguage\":\"en-US\",\"potentialAction\":[{\"@type\":\"ReadAction\",\"target\":[\"https:\/\/desarrollo5586.live-website.com\/en\/behind-the-chamber\/\"]}]},{\"@type\":\"ImageObject\",\"inLanguage\":\"en-US\",\"@id\":\"https:\/\/desarrollo5586.live-website.com\/en\/behind-the-chamber\/#primaryimage\",\"url\":\"https:\/\/desarrollo5586.live-website.com\/wp-content\/uploads\/2-6.jpg\",\"contentUrl\":\"https:\/\/desarrollo5586.live-website.com\/wp-content\/uploads\/2-6.jpg\"},{\"@type\":\"BreadcrumbList\",\"@id\":\"https:\/\/desarrollo5586.live-website.com\/en\/behind-the-chamber\/#breadcrumb\",\"itemListElement\":[{\"@type\":\"ListItem\",\"position\":1,\"name\":\"Portada\",\"item\":\"https:\/\/desarrollo5586.live-website.com\/en\/\"},{\"@type\":\"ListItem\",\"position\":2,\"name\":\"BEHIND THE CHAMBER\"}]},{\"@type\":\"WebSite\",\"@id\":\"https:\/\/desarrollo5586.live-website.com\/#website\",\"url\":\"https:\/\/desarrollo5586.live-website.com\/\",\"name\":\"Spain-US Chamber of Commerce in Miami\",\"description\":\"Spain-US Chamber of Commerce in Miami\",\"publisher\":{\"@id\":\"https:\/\/desarrollo5586.live-website.com\/#organization\"},\"potentialAction\":[{\"@type\":\"SearchAction\",\"target\":{\"@type\":\"EntryPoint\",\"urlTemplate\":\"https:\/\/desarrollo5586.live-website.com\/?s={search_term_string}\"},\"query-input\":{\"@type\":\"PropertyValueSpecification\",\"valueRequired\":true,\"valueName\":\"search_term_string\"}}],\"inLanguage\":\"en-US\"},{\"@type\":\"Organization\",\"@id\":\"https:\/\/desarrollo5586.live-website.com\/#organization\",\"name\":\"Spain-US Chamber of Commerce in Miami\",\"url\":\"https:\/\/desarrollo5586.live-website.com\/\",\"logo\":{\"@type\":\"ImageObject\",\"inLanguage\":\"en-US\",\"@id\":\"https:\/\/desarrollo5586.live-website.com\/#\/schema\/logo\/image\/\",\"url\":\"https:\/\/desarrollo5586.live-website.com\/wp-content\/uploads\/2021\/07\/Logo-web.png\",\"contentUrl\":\"https:\/\/desarrollo5586.live-website.com\/wp-content\/uploads\/2021\/07\/Logo-web.png\",\"width\":643,\"height\":156,\"caption\":\"Spain-US Chamber of Commerce in Miami\"},\"image\":{\"@id\":\"https:\/\/desarrollo5586.live-website.com\/#\/schema\/logo\/image\/\"},\"sameAs\":[\"https:\/\/www.facebook.com\/spainuschamberofcommerce\",\"https:\/\/x.com\/spainus_chamber\",\"https:\/\/www.instagram.com\/spainuschamberofcommerce\/\",\"https:\/\/www.linkedin.com\/company\/spainuschamberofcommerce\/\",\"https:\/\/www.youtube.com\/c\/spainuschamber\",\"https:\/\/www.flickr.com\/photos\/spainuschambermiami\/albums\"]}]}<\/script>\n<!-- \/ Yoast SEO Premium plugin. -->","yoast_head_json":{"title":"BEHIND THE CHAMBER - Spain-US Chamber of Commerce in Miami","robots":{"index":"index","follow":"follow","max-snippet":"max-snippet:-1","max-image-preview":"max-image-preview:large","max-video-preview":"max-video-preview:-1"},"canonical":"https:\/\/desarrollo5586.live-website.com\/en\/behind-the-chamber\/","og_locale":"en_US","og_type":"article","og_title":"BEHIND THE CHAMBER","og_description":"Last articles Espa\u00f1a, \u00abCountry of Honor\u00bb en Americas Food &#038; Beverage 2025: Participaci\u00f3n r\u00e9cord y proyecci\u00f3n internacional NUEVOS ARANCELES EN &hellip; Continue reading Introducing MEET-US: The new voice of the Spain-US Chamber","og_url":"https:\/\/desarrollo5586.live-website.com\/en\/behind-the-chamber\/","og_site_name":"Spain-US Chamber of Commerce in Miami","article_publisher":"https:\/\/www.facebook.com\/spainuschamberofcommerce","article_modified_time":"2025-10-01T20:29:14+00:00","og_image":[{"url":"https:\/\/desarrollo5586.live-website.com\/wp-content\/uploads\/2-6.jpg","type":"","width":"","height":""}],"twitter_card":"summary_large_image","twitter_site":"@spainus_chamber","twitter_misc":{"Est. reading time":"8 minutes"},"schema":{"@context":"https:\/\/schema.org","@graph":[{"@type":"WebPage","@id":"https:\/\/desarrollo5586.live-website.com\/en\/behind-the-chamber\/","url":"https:\/\/desarrollo5586.live-website.com\/en\/behind-the-chamber\/","name":"BEHIND THE CHAMBER - Spain-US Chamber of Commerce in Miami","isPartOf":{"@id":"https:\/\/desarrollo5586.live-website.com\/#website"},"primaryImageOfPage":{"@id":"https:\/\/desarrollo5586.live-website.com\/en\/behind-the-chamber\/#primaryimage"},"image":{"@id":"https:\/\/desarrollo5586.live-website.com\/en\/behind-the-chamber\/#primaryimage"},"thumbnailUrl":"https:\/\/desarrollo5586.live-website.com\/wp-content\/uploads\/2-6.jpg","datePublished":"2024-02-22T17:35:46+00:00","dateModified":"2025-10-01T20:29:14+00:00","breadcrumb":{"@id":"https:\/\/desarrollo5586.live-website.com\/en\/behind-the-chamber\/#breadcrumb"},"inLanguage":"en-US","potentialAction":[{"@type":"ReadAction","target":["https:\/\/desarrollo5586.live-website.com\/en\/behind-the-chamber\/"]}]},{"@type":"ImageObject","inLanguage":"en-US","@id":"https:\/\/desarrollo5586.live-website.com\/en\/behind-the-chamber\/#primaryimage","url":"https:\/\/desarrollo5586.live-website.com\/wp-content\/uploads\/2-6.jpg","contentUrl":"https:\/\/desarrollo5586.live-website.com\/wp-content\/uploads\/2-6.jpg"},{"@type":"BreadcrumbList","@id":"https:\/\/desarrollo5586.live-website.com\/en\/behind-the-chamber\/#breadcrumb","itemListElement":[{"@type":"ListItem","position":1,"name":"Portada","item":"https:\/\/desarrollo5586.live-website.com\/en\/"},{"@type":"ListItem","position":2,"name":"BEHIND THE CHAMBER"}]},{"@type":"WebSite","@id":"https:\/\/desarrollo5586.live-website.com\/#website","url":"https:\/\/desarrollo5586.live-website.com\/","name":"Spain-US Chamber of Commerce in Miami","description":"Spain-US Chamber of Commerce in Miami","publisher":{"@id":"https:\/\/desarrollo5586.live-website.com\/#organization"},"potentialAction":[{"@type":"SearchAction","target":{"@type":"EntryPoint","urlTemplate":"https:\/\/desarrollo5586.live-website.com\/?s={search_term_string}"},"query-input":{"@type":"PropertyValueSpecification","valueRequired":true,"valueName":"search_term_string"}}],"inLanguage":"en-US"},{"@type":"Organization","@id":"https:\/\/desarrollo5586.live-website.com\/#organization","name":"Spain-US Chamber of Commerce in Miami","url":"https:\/\/desarrollo5586.live-website.com\/","logo":{"@type":"ImageObject","inLanguage":"en-US","@id":"https:\/\/desarrollo5586.live-website.com\/#\/schema\/logo\/image\/","url":"https:\/\/desarrollo5586.live-website.com\/wp-content\/uploads\/2021\/07\/Logo-web.png","contentUrl":"https:\/\/desarrollo5586.live-website.com\/wp-content\/uploads\/2021\/07\/Logo-web.png","width":643,"height":156,"caption":"Spain-US Chamber of Commerce in Miami"},"image":{"@id":"https:\/\/desarrollo5586.live-website.com\/#\/schema\/logo\/image\/"},"sameAs":["https:\/\/www.facebook.com\/spainuschamberofcommerce","https:\/\/x.com\/spainus_chamber","https:\/\/www.instagram.com\/spainuschamberofcommerce\/","https:\/\/www.linkedin.com\/company\/spainuschamberofcommerce\/","https:\/\/www.youtube.com\/c\/spainuschamber","https:\/\/www.flickr.com\/photos\/spainuschambermiami\/albums"]}]}},"_links":{"self":[{"href":"https:\/\/desarrollo5586.live-website.com\/en\/wp-json\/wp\/v2\/pages\/24284","targetHints":{"allow":["GET"]}}],"collection":[{"href":"https:\/\/desarrollo5586.live-website.com\/en\/wp-json\/wp\/v2\/pages"}],"about":[{"href":"https:\/\/desarrollo5586.live-website.com\/en\/wp-json\/wp\/v2\/types\/page"}],"author":[{"embeddable":true,"href":"https:\/\/desarrollo5586.live-website.com\/en\/wp-json\/wp\/v2\/users\/8"}],"replies":[{"embeddable":true,"href":"https:\/\/desarrollo5586.live-website.com\/en\/wp-json\/wp\/v2\/comments?post=24284"}],"version-history":[{"count":3,"href":"https:\/\/desarrollo5586.live-website.com\/en\/wp-json\/wp\/v2\/pages\/24284\/revisions"}],"predecessor-version":[{"id":45000,"href":"https:\/\/desarrollo5586.live-website.com\/en\/wp-json\/wp\/v2\/pages\/24284\/revisions\/45000"}],"wp:attachment":[{"href":"https:\/\/desarrollo5586.live-website.com\/en\/wp-json\/wp\/v2\/media?parent=24284"}],"curies":[{"name":"wp","href":"https:\/\/api.w.org\/{rel}","templated":true}]}}